{"id":22993189,"date":"2023-01-09T12:20:15","date_gmt":"2023-01-09T11:20:15","guid":{"rendered":"http:\/\/hubers-translation.aufwind.co.at\/valasztek\/landhendl\/kukorica-csirke\/"},"modified":"2026-03-10T13:52:55","modified_gmt":"2026-03-10T12:52:55","slug":"kukorica-csirke","status":"publish","type":"page","link":"https:\/\/www.huberslandhendl.at\/hu\/valasztek\/landhendl\/kukorica-csirke\/","title":{"rendered":"Kukorica csirke"},"content":{"rendered":"\n<div class=\"et_pb_section_0 et_pb_section et_section_regular et_block_section\"><div class=\"et_pb_row_0 et_pb_row et-vb-row--no-module et_block_row\"><div class=\"et_pb_column_0 et_pb_column et_pb_column_4_4 et-last-child et_block_column et_pb_column_empty et_pb_css_mix_blend_mode_passthrough\"><\/div><\/div><div class=\"et_pb_row_1 et_pb_row et_pb_row_3-4_1-4 et_block_row et_block_row_3-4_1-4\"><div class=\"et_pb_column_1 et_pb_column et_pb_column_3_4 et_block_column et_pb_css_mix_blend_mode_passthrough\"><div class=\"dipi_dual_heading_0 dipi_dual_heading et_pb_bg_layout_light et_pb_module\"><div class=\"dipi-dual-heading \">\n                <h1 class=\"dipi-dh-main\">\n                    <span class=\"dipi-dh-first-heading\">\n                        <span class=\"dipi-dh-animation-container\">\n                            <span class=\"dipi-dh-bg-container\">\n                                <div>Kukorica csirke<\/div>\n                            <\/span>\n                        <\/span>\n                    <\/span>\n                    <span class=\"dipi-dh-second-heading\">\n                        <span class=\"dipi-dh-animation-container\">\n                            <span class=\"dipi-dh-bg-container\">\n                                <div>Second<\/div>\n                            <\/span>\n                        <\/span>\n                    <\/span>\n                <\/h1>\n            <\/div><\/div><\/div><div class=\"et_pb_column_2 et_pb_column et_pb_column_1_4 et-last-child et_block_column et_pb_column_empty et_pb_css_mix_blend_mode_passthrough\"><\/div><\/div><div class=\"et_pb_row_2 et_pb_row et_block_row\"><div class=\"et_pb_column_3 et_pb_column et_pb_column_2_5 et_block_column et_pb_css_mix_blend_mode_passthrough\"><div class=\"et_pb_text_0 et_pb_text et_pb_bg_layout_light et_pb_module et_block_module\"><div class=\"et_pb_text_inner\"><p>A kukoricacsirk\u00e9k csal\u00e1di gazdas\u00e1gokb\u00f3l sz\u00e1rmaznak, \u00e9s k\u00fcl\u00f6nleges csemeg\u00e9nek sz\u00e1m\u00edtanak. A legal\u00e1bb 50%-ban kukoric\u00e1b\u00f3l \u00e9s GMO-mentes takarm\u00e1nyb\u00f3l t\u00f6rt\u00e9n\u0151 teny\u00e9szt\u00e9s vil\u00e1gos s\u00e1rga sz\u00ednt k\u00f6lcs\u00f6n\u00f6z a szil\u00e1rd h\u00fasnak, \u00e9s garant\u00e1lja a felejthetetlen baromfi \u00e9lvezetet.<\/p>\n<p>A Hubers Landhendl GMO-mentes csirketakarm\u00e1nyt is haszn\u00e1l, amelyet egy f\u00fcggetlen ellen\u0151rz\u0151 szervezet (ARGE Gentechnikfrei &amp; VLOG) ellen\u0151riz.<\/p>\n<\/div><\/div><\/div><div class=\"et_pb_column_4 et_pb_column et_pb_column_3_5 et-last-child et_block_column et_pb_css_mix_blend_mode_passthrough\"><div class=\"dipi_image_mask_0 dipi_image_mask et_animated et_pb_bg_layout_light et_pb_module\"><div class=\"dipi-image-mask--mask\">\n                <svg width=\"100%\" height=\"100%\"  style=\"overflow:visible\" xmlns=\"http:\/\/www.w3.org\/2000\/svg\" xmlns:xlink=\"http:\/\/www.w3.org\/1999\/xlink\" viewBox=\"0 0 1000 1000\" aria-labelledby=\"alt-text-69f43d5a56668\" role=\"img\">\n                    <title id=\"alt-text-69f43d5a56668\">Kukorica csirke<\/title>\n                    \n                    <style><\/style>\n                    \n                    \n                <g>\n                    \n                    <g>\n                        <defs>\n                            <mask id=\"SHAPE_1-69f43d5a56659\" fill=\"#fff\">\n                                <g style=\"transform-origin: center; transform: rotate(0deg) scale(1 , 1)\"> \n                                    <path d=\"M53.5 46.1h441.2v441.2H53.5zm458.7 458.7h441.2V946H512.2zm0-380.3h362.7v362.7H512.2zM131.3 505.4H494v362.7H131.3z\"\/>\n                                <\/g>\n                            <\/mask>\n                        <\/defs>\n                        \n        <g style=\"mask:url(#SHAPE_1-69f43d5a56659)\">\n            <image \n                style=\"overflow:visible\" \n                width=100%  \n                href=https:\/\/www.huberslandhendl.at\/wp-content\/uploads\/2023\/02\/intro-hubers-landhendl-mais-hendl-mv.jpg\n                transform=\"matrix(1 0 0 1 0 0)\"\n                preserveAspectRatio=\"none\"> \n            <\/image>\n        <\/g>\n                    <\/g>\n                <\/g>\n                    \n                <\/svg>\n            <\/div><\/div><\/div><\/div><div class=\"et_pb_row_3 et_pb_row et_block_row\"><div class=\"et_pb_column_5 et_pb_column et_pb_column_1_3 et_block_column et_pb_css_mix_blend_mode_passthrough\"><div class=\"et_pb_image_0 et_pb_image et_animated et_pb_module et_block_module\"><span class=\"et_pb_image_wrap\"><img loading=\"lazy\" decoding=\"async\" src=\"https:\/\/www.huberslandhendl.at\/wp-content\/uploads\/2023\/03\/logo-hubers-ohne-gen-technik.jpg\" width=\"300\" height=\"300\" srcset=\"https:\/\/www.huberslandhendl.at\/wp-content\/uploads\/2023\/03\/logo-hubers-ohne-gen-technik.jpg 300w, https:\/\/www.huberslandhendl.at\/wp-content\/uploads\/2023\/03\/logo-hubers-ohne-gen-technik-150x150.jpg 150w\" sizes=\"(max-width: 300px) 100vw, 300px\" class=\"wp-image-22988996\" title=\"GMO-mentes\" \/><\/span><\/div><\/div><div class=\"et_pb_column_6 et_pb_column et_pb_column_1_3 et_block_column et_pb_css_mix_blend_mode_passthrough\"><div class=\"et_pb_image_1 et_pb_image et_animated et_pb_module et_block_module\"><span class=\"et_pb_image_wrap\"><img loading=\"lazy\" decoding=\"async\" src=\"https:\/\/www.huberslandhendl.at\/wp-content\/uploads\/2023\/01\/logo-hubers-ama-gutesiegel.jpg\" width=\"300\" height=\"300\" srcset=\"https:\/\/www.huberslandhendl.at\/wp-content\/uploads\/2023\/01\/logo-hubers-ama-gutesiegel.jpg 300w, https:\/\/www.huberslandhendl.at\/wp-content\/uploads\/2023\/01\/logo-hubers-ama-gutesiegel-150x150.jpg 150w\" sizes=\"(max-width: 300px) 100vw, 300px\" class=\"wp-image-16246842\" title=\"AMA\" \/><\/span><\/div><div class=\"et_pb_text_1 et_pb_text et_pb_bg_layout_light et_pb_module et_block_module et_pb_text_align_center\"><div class=\"et_pb_text_inner\"><p>osztr\u00e1k v\u00e1llalatok eset\u00e9ben<\/p>\n<p>.<\/p>\n<\/div><\/div><\/div><div class=\"et_pb_column_7 et_pb_column et_pb_column_1_3 et-last-child et_block_column et_pb_css_mix_blend_mode_passthrough\"><div class=\"et_pb_image_2 et_pb_image et_animated et_pb_module et_block_module\"><span class=\"et_pb_image_wrap\"><img loading=\"lazy\" decoding=\"async\" src=\"https:\/\/www.huberslandhendl.at\/wp-content\/uploads\/2023\/03\/logo-hubers-qs.jpg\" width=\"300\" height=\"300\" srcset=\"https:\/\/www.huberslandhendl.at\/wp-content\/uploads\/2023\/03\/logo-hubers-qs.jpg 300w, https:\/\/www.huberslandhendl.at\/wp-content\/uploads\/2023\/03\/logo-hubers-qs-150x150.jpg 150w\" sizes=\"(max-width: 300px) 100vw, 300px\" class=\"wp-image-22988997\" title=\"QS\" \/><\/span><\/div><\/div><\/div><\/div><div class=\"et_pb_section_1 et_pb_section et_section_regular et_block_section section_has_divider et_pb_top_divider\"><div class=\"et_pb_top_inside_divider et-no-transition\"><\/div><span class=\"et_pb_background_pattern\"><\/span><span class=\"et_pb_background_mask\"><\/span><div class=\"et_pb_row_4 et_pb_row et_block_row\"><div class=\"et_pb_column_8 et_pb_column et_pb_column_2_5 et_block_column et_pb_css_mix_blend_mode_passthrough\"><div class=\"et_pb_image_3 et_pb_image et_animated et_pb_module et_block_module\"><span class=\"et_pb_image_wrap\"><img loading=\"lazy\" decoding=\"async\" src=\"https:\/\/www.huberslandhendl.at\/wp-content\/uploads\/2023\/01\/intro-hubers-mais-hendl-v.jpg\" width=\"900\" height=\"852\" srcset=\"https:\/\/www.huberslandhendl.at\/wp-content\/uploads\/2023\/01\/intro-hubers-mais-hendl-v.jpg 900w, https:\/\/www.huberslandhendl.at\/wp-content\/uploads\/2023\/01\/intro-hubers-mais-hendl-v-480x454.jpg 480w\" sizes=\"(min-width: 0px) and (max-width: 480px) 480px, (min-width: 481px) 900px, 100vw\" class=\"wp-image-16246886\" title=\"Kukorica csirke\" \/><\/span><\/div><\/div><div class=\"et_pb_column_9 et_pb_column et_pb_column_3_5 et-last-child et_block_column et_pb_css_mix_blend_mode_passthrough\"><div class=\"et_pb_text_2 et_pb_text et_pb_bg_layout_light et_pb_module et_block_module\"><div class=\"et_pb_text_inner\"><h2>Sok j\u00f3 ok a kukoric\u00e1val t\u00e1pl\u00e1lt csirke mellett<\/h2>\n<\/div><\/div><div class=\"et_pb_blurb_0 et_pb_blurb et_pb_bg_layout_light et_pb_blurb_position_left et_animated et_pb_module et_block_module\"><div class=\"et_pb_blurb_content\"><div class=\"et_pb_main_blurb_image\"><span class=\"et_pb_image_wrap\"><span class=\"et-pb-icon et-waypoint et_pb_animation_top et_pb_animation_top_tablet et_pb_animation_top_phone\">\uf3a1<\/span><\/span><\/div><div class=\"et_pb_blurb_container\"><h4 class=\"et_pb_module_header\">Baromfi sz\u00e1rmaz\u00e1si garanci\u00e1val: 100%-ban csal\u00e1di gazdas\u00e1gokb\u00f3l sz\u00e1rmaz\u00f3 baromfi<\/h4><\/div><\/div><\/div><div class=\"et_pb_blurb_1 et_pb_blurb et_pb_bg_layout_light et_pb_blurb_position_left et_animated et_pb_module et_block_module\"><div class=\"et_pb_blurb_content\"><div class=\"et_pb_main_blurb_image\"><span class=\"et_pb_image_wrap\"><span class=\"et-pb-icon et-waypoint et_pb_animation_top et_pb_animation_top_tablet et_pb_animation_top_phone\">\uf3a1<\/span><\/span><\/div><div class=\"et_pb_blurb_container\"><h4 class=\"et_pb_module_header\">A legjobb takarm\u00e1ny legal\u00e1bb 50 % kukoric\u00e1t tartalmaz <\/h4><\/div><\/div><\/div><div class=\"et_pb_blurb_2 et_pb_blurb et_pb_bg_layout_light et_pb_blurb_position_left et_animated et_pb_module et_block_module\"><div class=\"et_pb_blurb_content\"><div class=\"et_pb_main_blurb_image\"><span class=\"et_pb_image_wrap\"><span class=\"et-pb-icon et-waypoint et_pb_animation_top et_pb_animation_top_tablet et_pb_animation_top_phone\">\uf3a1<\/span><\/span><\/div><div class=\"et_pb_blurb_container\"><h4 class=\"et_pb_module_header\">\u00c1llatbar\u00e1t tart\u00e1s az ist\u00e1ll\u00f3ban<\/h4><\/div><\/div><\/div><div class=\"et_pb_blurb_3 et_pb_blurb et_pb_bg_layout_light et_pb_blurb_position_left et_animated et_pb_module et_block_module\"><div class=\"et_pb_blurb_content\"><div class=\"et_pb_main_blurb_image\"><span class=\"et_pb_image_wrap\"><span class=\"et-pb-icon et-waypoint et_pb_animation_top et_pb_animation_top_tablet et_pb_animation_top_phone\">\uf3a1<\/span><\/span><\/div><div class=\"et_pb_blurb_container\"><h4 class=\"et_pb_module_header\">Rendszeres \u00e1llatorvosi ellen\u0151rz\u00e9s<\/h4><\/div><\/div><\/div><div class=\"et_pb_blurb_4 et_pb_blurb et_pb_bg_layout_light et_pb_blurb_position_left et_animated et_pb_module et_block_module\"><div class=\"et_pb_blurb_content\"><div class=\"et_pb_main_blurb_image\"><span class=\"et_pb_image_wrap\"><span class=\"et-pb-icon et-waypoint et_pb_animation_top et_pb_animation_top_tablet et_pb_animation_top_phone\">\uf3a1<\/span><\/span><\/div><div class=\"et_pb_blurb_container\"><h4 class=\"et_pb_module_header\">GMO-mentes takarm\u00e1nyoz\u00e1s<\/h4><\/div><\/div><\/div><div class=\"et_pb_blurb_5 et_pb_blurb et_pb_bg_layout_light et_pb_blurb_position_left et_animated et_pb_module et_block_module\"><div class=\"et_pb_blurb_content\"><div class=\"et_pb_main_blurb_image\"><span class=\"et_pb_image_wrap\"><span class=\"et-pb-icon et-waypoint et_pb_animation_top et_pb_animation_top_tablet et_pb_animation_top_phone\">\uf3a1<\/span><\/span><\/div><div class=\"et_pb_blurb_container\"><h4 class=\"et_pb_module_header\">Tev\u00e9kenys\u00e9gi anyag (szalmab\u00e1l\u00e1k, szed\u0151k\u00f6vek)<\/h4><\/div><\/div><\/div><\/div><\/div><\/div><div class=\"et_pb_section_2 et_pb_section et_pb_fullwidth_section et_section_regular et_block_section et_pb_section_parallax section_has_divider et_pb_top_divider et_pb_bottom_divider\"><div class=\"et_pb_top_inside_divider et-no-transition\"><\/div><span class=\"et-pb-parallax-wrapper\"><span class=\"et-pb-parallax-background et-pb-parallax-background--css et-pb-parallax-background-module--divi-section-2\" style=\"background-image:url(https:\/\/www.huberslandhendl.at\/wp-content\/uploads\/2023\/02\/paralax-hubers-landhendl-3.jpg)\"><\/span><\/span><div class=\"et_pb_bottom_inside_divider et-no-transition\"><\/div><\/div>\n","protected":false},"excerpt":{"rendered":"","protected":false},"author":1,"featured_media":0,"parent":22993165,"menu_order":0,"comment_status":"closed","ping_status":"closed","template":"","meta":{"_acf_changed":false,"wprm-recipe-roundup-name":"","wprm-recipe-roundup-description":"","footnotes":""},"dipi_cpt_category":[],"difl_page_category":[],"class_list":["post-22993189","page","type-page","status-publish","hentry"],"acf":[],"yoast_head":"<!-- This site is optimized with the Yoast SEO plugin v27.5 - https:\/\/yoast.com\/product\/yoast-seo-wordpress\/ -->\n<title>Kukorica csirke - Hubers Landhendl<\/title>\n<meta name=\"robots\" content=\"index, follow, max-snippet:-1, max-image-preview:large, max-video-preview:-1\" \/>\n<link rel=\"canonical\" href=\"https:\/\/www.huberslandhendl.at\/hu\/valasztek\/landhendl\/kukorica-csirke\/\" \/>\n<meta property=\"og:locale\" content=\"hu_HU\" \/>\n<meta property=\"og:type\" content=\"article\" \/>\n<meta property=\"og:title\" content=\"Kukorica csirke - Hubers Landhendl\" \/>\n<meta property=\"og:url\" content=\"https:\/\/www.huberslandhendl.at\/hu\/valasztek\/landhendl\/kukorica-csirke\/\" \/>\n<meta property=\"og:site_name\" content=\"Hubers Landhendl\" \/>\n<meta property=\"article:publisher\" content=\"https:\/\/www.facebook.com\/huberslandhendl\" \/>\n<meta property=\"article:modified_time\" content=\"2026-03-10T12:52:55+00:00\" \/>\n<meta name=\"twitter:card\" content=\"summary_large_image\" \/>\n<script type=\"application\/ld+json\" class=\"yoast-schema-graph\">{\"@context\":\"https:\\\/\\\/schema.org\",\"@graph\":[{\"@type\":\"WebPage\",\"@id\":\"https:\\\/\\\/www.huberslandhendl.at\\\/hu\\\/valasztek\\\/landhendl\\\/kukorica-csirke\\\/\",\"url\":\"https:\\\/\\\/www.huberslandhendl.at\\\/hu\\\/valasztek\\\/landhendl\\\/kukorica-csirke\\\/\",\"name\":\"Kukorica csirke - Hubers Landhendl\",\"isPartOf\":{\"@id\":\"https:\\\/\\\/www.huberslandhendl.at\\\/hu\\\/#website\"},\"datePublished\":\"2023-01-09T11:20:15+00:00\",\"dateModified\":\"2026-03-10T12:52:55+00:00\",\"breadcrumb\":{\"@id\":\"https:\\\/\\\/www.huberslandhendl.at\\\/hu\\\/valasztek\\\/landhendl\\\/kukorica-csirke\\\/#breadcrumb\"},\"inLanguage\":\"hu\",\"potentialAction\":[{\"@type\":\"ReadAction\",\"target\":[\"https:\\\/\\\/www.huberslandhendl.at\\\/hu\\\/valasztek\\\/landhendl\\\/kukorica-csirke\\\/\"]}]},{\"@type\":\"BreadcrumbList\",\"@id\":\"https:\\\/\\\/www.huberslandhendl.at\\\/hu\\\/valasztek\\\/landhendl\\\/kukorica-csirke\\\/#breadcrumb\",\"itemListElement\":[{\"@type\":\"ListItem\",\"position\":1,\"name\":\"Startseite\",\"item\":\"https:\\\/\\\/www.huberslandhendl.at\\\/hu\\\/\"},{\"@type\":\"ListItem\",\"position\":2,\"name\":\"V\u00e1laszt\u00e9k\",\"item\":\"https:\\\/\\\/www.huberslandhendl.at\\\/hu\\\/sortiment\\\/\"},{\"@type\":\"ListItem\",\"position\":3,\"name\":\"Landhendl\",\"item\":\"https:\\\/\\\/www.huberslandhendl.at\\\/hu\\\/sortiment\\\/landhendl\\\/\"},{\"@type\":\"ListItem\",\"position\":4,\"name\":\"Kukorica csirke\"}]},{\"@type\":\"WebSite\",\"@id\":\"https:\\\/\\\/www.huberslandhendl.at\\\/hu\\\/#website\",\"url\":\"https:\\\/\\\/www.huberslandhendl.at\\\/hu\\\/\",\"name\":\"Hubers Landhendl\",\"description\":\"\",\"publisher\":{\"@id\":\"https:\\\/\\\/www.huberslandhendl.at\\\/hu\\\/#organization\"},\"potentialAction\":[{\"@type\":\"SearchAction\",\"target\":{\"@type\":\"EntryPoint\",\"urlTemplate\":\"https:\\\/\\\/www.huberslandhendl.at\\\/hu\\\/?s={search_term_string}\"},\"query-input\":{\"@type\":\"PropertyValueSpecification\",\"valueRequired\":true,\"valueName\":\"search_term_string\"}}],\"inLanguage\":\"hu\"},{\"@type\":\"Organization\",\"@id\":\"https:\\\/\\\/www.huberslandhendl.at\\\/hu\\\/#organization\",\"name\":\"Hubers Landhendl\",\"url\":\"https:\\\/\\\/www.huberslandhendl.at\\\/hu\\\/\",\"logo\":{\"@type\":\"ImageObject\",\"inLanguage\":\"hu\",\"@id\":\"https:\\\/\\\/www.huberslandhendl.at\\\/hu\\\/#\\\/schema\\\/logo\\\/image\\\/\",\"url\":\"https:\\\/\\\/www.huberslandhendl.at\\\/wp-content\\\/uploads\\\/2023\\\/01\\\/logo-hubers-r.png\",\"contentUrl\":\"https:\\\/\\\/www.huberslandhendl.at\\\/wp-content\\\/uploads\\\/2023\\\/01\\\/logo-hubers-r.png\",\"width\":793,\"height\":339,\"caption\":\"Hubers Landhendl\"},\"image\":{\"@id\":\"https:\\\/\\\/www.huberslandhendl.at\\\/hu\\\/#\\\/schema\\\/logo\\\/image\\\/\"},\"sameAs\":[\"https:\\\/\\\/www.facebook.com\\\/huberslandhendl\"]}]}<\/script>\n<!-- \/ Yoast SEO plugin. -->","yoast_head_json":{"title":"Kukorica csirke - Hubers Landhendl","robots":{"index":"index","follow":"follow","max-snippet":"max-snippet:-1","max-image-preview":"max-image-preview:large","max-video-preview":"max-video-preview:-1"},"canonical":"https:\/\/www.huberslandhendl.at\/hu\/valasztek\/landhendl\/kukorica-csirke\/","og_locale":"hu_HU","og_type":"article","og_title":"Kukorica csirke - Hubers Landhendl","og_url":"https:\/\/www.huberslandhendl.at\/hu\/valasztek\/landhendl\/kukorica-csirke\/","og_site_name":"Hubers Landhendl","article_publisher":"https:\/\/www.facebook.com\/huberslandhendl","article_modified_time":"2026-03-10T12:52:55+00:00","twitter_card":"summary_large_image","schema":{"@context":"https:\/\/schema.org","@graph":[{"@type":"WebPage","@id":"https:\/\/www.huberslandhendl.at\/hu\/valasztek\/landhendl\/kukorica-csirke\/","url":"https:\/\/www.huberslandhendl.at\/hu\/valasztek\/landhendl\/kukorica-csirke\/","name":"Kukorica csirke - Hubers Landhendl","isPartOf":{"@id":"https:\/\/www.huberslandhendl.at\/hu\/#website"},"datePublished":"2023-01-09T11:20:15+00:00","dateModified":"2026-03-10T12:52:55+00:00","breadcrumb":{"@id":"https:\/\/www.huberslandhendl.at\/hu\/valasztek\/landhendl\/kukorica-csirke\/#breadcrumb"},"inLanguage":"hu","potentialAction":[{"@type":"ReadAction","target":["https:\/\/www.huberslandhendl.at\/hu\/valasztek\/landhendl\/kukorica-csirke\/"]}]},{"@type":"BreadcrumbList","@id":"https:\/\/www.huberslandhendl.at\/hu\/valasztek\/landhendl\/kukorica-csirke\/#breadcrumb","itemListElement":[{"@type":"ListItem","position":1,"name":"Startseite","item":"https:\/\/www.huberslandhendl.at\/hu\/"},{"@type":"ListItem","position":2,"name":"V\u00e1laszt\u00e9k","item":"https:\/\/www.huberslandhendl.at\/hu\/sortiment\/"},{"@type":"ListItem","position":3,"name":"Landhendl","item":"https:\/\/www.huberslandhendl.at\/hu\/sortiment\/landhendl\/"},{"@type":"ListItem","position":4,"name":"Kukorica csirke"}]},{"@type":"WebSite","@id":"https:\/\/www.huberslandhendl.at\/hu\/#website","url":"https:\/\/www.huberslandhendl.at\/hu\/","name":"Hubers Landhendl","description":"","publisher":{"@id":"https:\/\/www.huberslandhendl.at\/hu\/#organization"},"potentialAction":[{"@type":"SearchAction","target":{"@type":"EntryPoint","urlTemplate":"https:\/\/www.huberslandhendl.at\/hu\/?s={search_term_string}"},"query-input":{"@type":"PropertyValueSpecification","valueRequired":true,"valueName":"search_term_string"}}],"inLanguage":"hu"},{"@type":"Organization","@id":"https:\/\/www.huberslandhendl.at\/hu\/#organization","name":"Hubers Landhendl","url":"https:\/\/www.huberslandhendl.at\/hu\/","logo":{"@type":"ImageObject","inLanguage":"hu","@id":"https:\/\/www.huberslandhendl.at\/hu\/#\/schema\/logo\/image\/","url":"https:\/\/www.huberslandhendl.at\/wp-content\/uploads\/2023\/01\/logo-hubers-r.png","contentUrl":"https:\/\/www.huberslandhendl.at\/wp-content\/uploads\/2023\/01\/logo-hubers-r.png","width":793,"height":339,"caption":"Hubers Landhendl"},"image":{"@id":"https:\/\/www.huberslandhendl.at\/hu\/#\/schema\/logo\/image\/"},"sameAs":["https:\/\/www.facebook.com\/huberslandhendl"]}]}},"post_mailing_queue_ids":[],"_links":{"self":[{"href":"https:\/\/www.huberslandhendl.at\/hu\/wp-json\/wp\/v2\/pages\/22993189","targetHints":{"allow":["GET"]}}],"collection":[{"href":"https:\/\/www.huberslandhendl.at\/hu\/wp-json\/wp\/v2\/pages"}],"about":[{"href":"https:\/\/www.huberslandhendl.at\/hu\/wp-json\/wp\/v2\/types\/page"}],"author":[{"embeddable":true,"href":"https:\/\/www.huberslandhendl.at\/hu\/wp-json\/wp\/v2\/users\/1"}],"replies":[{"embeddable":true,"href":"https:\/\/www.huberslandhendl.at\/hu\/wp-json\/wp\/v2\/comments?post=22993189"}],"version-history":[{"count":8,"href":"https:\/\/www.huberslandhendl.at\/hu\/wp-json\/wp\/v2\/pages\/22993189\/revisions"}],"predecessor-version":[{"id":22996577,"href":"https:\/\/www.huberslandhendl.at\/hu\/wp-json\/wp\/v2\/pages\/22993189\/revisions\/22996577"}],"up":[{"embeddable":true,"href":"https:\/\/www.huberslandhendl.at\/hu\/wp-json\/wp\/v2\/pages\/22993165"}],"wp:attachment":[{"href":"https:\/\/www.huberslandhendl.at\/hu\/wp-json\/wp\/v2\/media?parent=22993189"}],"wp:term":[{"taxonomy":"dipi_cpt_category","embeddable":true,"href":"https:\/\/www.huberslandhendl.at\/hu\/wp-json\/wp\/v2\/dipi_cpt_category?post=22993189"},{"taxonomy":"difl_page_category","embeddable":true,"href":"https:\/\/www.huberslandhendl.at\/hu\/wp-json\/wp\/v2\/difl_page_category?post=22993189"}],"curies":[{"name":"wp","href":"https:\/\/api.w.org\/{rel}","templated":true}]}}