{"id":22993306,"date":"2023-11-03T11:22:28","date_gmt":"2023-11-03T10:22:28","guid":{"rendered":"http:\/\/hubers-translation.aufwind.co.at\/karrier\/elonyeinket\/"},"modified":"2026-03-10T13:53:47","modified_gmt":"2026-03-10T12:53:47","slug":"elonyeinket","status":"publish","type":"page","link":"https:\/\/www.huberslandhendl.at\/hu\/karrier\/elonyeinket\/","title":{"rendered":"El\u0151nyeinket"},"content":{"rendered":"\n<div class=\"et_pb_section_0 et_pb_section et_section_regular et_block_section\"><div class=\"et_pb_row_0 et_pb_row et_block_row\"><div class=\"et_pb_column_0 et_pb_column et_pb_column_4_4 et-last-child et_block_column et_pb_css_mix_blend_mode_passthrough\"><div class=\"et_pb_image_0 et_pb_image et_pb_module et_block_module\"><span class=\"et_pb_image_wrap\"><img decoding=\"async\" src=\"https:\/\/www.huberslandhendl.at\/wp-content\/uploads\/2024\/02\/text-deine-benefits-bei-hubers_ung.svg\" class=\"wp-image-22991917 wp-image-22991659 wp-image-22991656\" title=\"text-your-benefits-at-hubers\" \/><\/span><\/div><\/div><\/div><div class=\"et_pb_row_1 et_pb_row et_block_row\"><div class=\"et_pb_column_1 et_pb_column et_pb_column_4_4 et-last-child et_block_column et_pb_css_mix_blend_mode_passthrough\"><div class=\"et_pb_module et_d4_element difl_imagecarousel difl_imagecarousel_0\">\n\t\t\t\t\n\t\t\t\t\n\t\t\t\t\n\t\t\t\t\n\t\t\t\t\n\t\t\t\t\n\t\t\t\t<div class=\"et_pb_module_inner\">\n\t\t\t\t\t<div class=\"df_ic_container\" data-settings='{\"effect\":\"coverflow\",\"desktop\":\"3\",\"tablet\":\"2\",\"mobile\":\"1\",\"variable_width\":\"off\",\"loop\":true,\"item_spacing\":\"30px\",\"item_spacing_tablet\":\"\",\"item_spacing_phone\":\"\",\"arrow\":\"off\",\"dots\":\"off\",\"autoplay\":\"on\",\"auto_delay\":\"2000\",\"speed\":\"500\",\"pause_hover\":\"off\",\"centeredSlides\":\"off\",\"order\":\"0\",\"use_lightbox\":\"off\",\"use_lightbox_caption\":\"off\",\"slideShadows\":\"off\",\"rotate\":\"4\",\"stretch\":\"0\",\"depth\":\"100\",\"modifier\":\"3\"}' data-item=\"3\" data-itemtablet=\"2\" data-itemphone=\"1\">\n                <div class=\"df_ic_inner_wrapper\">\n                    <div class=\"swiper-container\">\n                        <div class=\"swiper-wrapper\">\n                            <div class=\"et_pb_module et_d4_element difl_imagecarouselitem difl_imagecarouselitem_0 swiper-slide\">\n\t\t\t\t\n\t\t\t\t\n\t\t\t\t\n\t\t\t\t\n\t\t\t\t\n\t\t\t\t\n\t\t\t\t<div class=\"et_pb_module_inner\">\n\t\t\t\t\t <div class=\"df_ici_container\" data-src=\"https:\/\/www.huberslandhendl.at\/wp-content\/uploads\/2023\/10\/Kantine-1.png\" >\n                <div class=\"ic_image_wrapper\"><img decoding=\"async\" class=\"df-ic-image\" src=\"https:\/\/www.huberslandhendl.at\/wp-content\/uploads\/2023\/10\/Kantine-1.png\" alt=\"Kantine\" \/><\/div><div class=\"overlay_wrapper\"><div class=\"content\"><h4 class=\"ic_caption\">Kantine<\/h4> <\/div><\/div>\n            <\/div>\n\t\t\t\t<\/div>\n\t\t\t<\/div><div class=\"et_pb_module et_d4_element difl_imagecarouselitem difl_imagecarouselitem_1 swiper-slide\">\n\t\t\t\t\n\t\t\t\t\n\t\t\t\t\n\t\t\t\t\n\t\t\t\t\n\t\t\t\t\n\t\t\t\t<div class=\"et_pb_module_inner\">\n\t\t\t\t\t <div class=\"df_ici_container\" data-src=\"https:\/\/www.huberslandhendl.at\/wp-content\/uploads\/2023\/10\/Karriere_Frau.png\" >\n                <div class=\"ic_image_wrapper\"><img decoding=\"async\" class=\"df-ic-image\" src=\"https:\/\/www.huberslandhendl.at\/wp-content\/uploads\/2023\/10\/Karriere_Frau.png\" alt=\"Karriere\" \/><\/div><div class=\"overlay_wrapper\"><div class=\"content\"><h4 class=\"ic_caption\">Karriere<\/h4> <\/div><\/div>\n            <\/div>\n\t\t\t\t<\/div>\n\t\t\t<\/div><div class=\"et_pb_module et_d4_element difl_imagecarouselitem difl_imagecarouselitem_2 swiper-slide\">\n\t\t\t\t\n\t\t\t\t\n\t\t\t\t\n\t\t\t\t\n\t\t\t\t\n\t\t\t\t\n\t\t\t\t<div class=\"et_pb_module_inner\">\n\t\t\t\t\t <div class=\"df_ici_container\" data-src=\"https:\/\/www.huberslandhendl.at\/wp-content\/uploads\/2023\/10\/eBike-1.png\" >\n                <div class=\"ic_image_wrapper\"><img decoding=\"async\" class=\"df-ic-image\" src=\"https:\/\/www.huberslandhendl.at\/wp-content\/uploads\/2023\/10\/eBike-1.png\" alt=\"E-Bike\" \/><\/div><div class=\"overlay_wrapper\"><div class=\"content\"><h4 class=\"ic_caption\">E-Bike<\/h4> <\/div><\/div>\n            <\/div>\n\t\t\t\t<\/div>\n\t\t\t<\/div><div class=\"et_pb_module et_d4_element difl_imagecarouselitem difl_imagecarouselitem_3 swiper-slide\">\n\t\t\t\t\n\t\t\t\t\n\t\t\t\t\n\t\t\t\t\n\t\t\t\t\n\t\t\t\t\n\t\t\t\t<div class=\"et_pb_module_inner\">\n\t\t\t\t\t <div class=\"df_ici_container\" data-src=\"https:\/\/www.huberslandhendl.at\/wp-content\/uploads\/2023\/10\/Team-1.png\" >\n                <div class=\"ic_image_wrapper\"><img decoding=\"async\" class=\"df-ic-image\" src=\"https:\/\/www.huberslandhendl.at\/wp-content\/uploads\/2023\/10\/Team-1.png\" alt=\"Teamevent\" \/><\/div><div class=\"overlay_wrapper\"><div class=\"content\"><h4 class=\"ic_caption\">Teamevent<\/h4> <\/div><\/div>\n            <\/div>\n\t\t\t\t<\/div>\n\t\t\t<\/div><div class=\"et_pb_module et_d4_element difl_imagecarouselitem difl_imagecarouselitem_4 swiper-slide\">\n\t\t\t\t\n\t\t\t\t\n\t\t\t\t\n\t\t\t\t\n\t\t\t\t\n\t\t\t\t\n\t\t\t\t<div class=\"et_pb_module_inner\">\n\t\t\t\t\t <div class=\"df_ici_container\" data-src=\"https:\/\/www.huberslandhendl.at\/wp-content\/uploads\/2023\/10\/Haltestellle.png\" >\n                <div class=\"ic_image_wrapper\"><img decoding=\"async\" class=\"df-ic-image\" src=\"https:\/\/www.huberslandhendl.at\/wp-content\/uploads\/2023\/10\/Haltestellle.png\" alt=\"Firmenfahrten\" \/><\/div><div class=\"overlay_wrapper\"><div class=\"content\"><h4 class=\"ic_caption\">Firmenfahrten<\/h4> <\/div><\/div>\n            <\/div>\n\t\t\t\t<\/div>\n\t\t\t<\/div>\n                        <\/div>\n                    <\/div>\n                    \n                <\/div>\n                \n            <\/div>\n\t\t\t\t<\/div>\n\t\t\t<\/div><\/div><\/div><\/div><div class=\"et_pb_section_1 et_pb_section et_section_regular et_block_section\"><div class=\"et_pb_row_2 et_pb_row et_block_row\"><div class=\"et_pb_column_2 et_pb_column et_pb_column_1_3 et_block_column et_pb_column_empty et_pb_css_mix_blend_mode_passthrough\"><\/div><div class=\"et_pb_column_3 et_pb_column et_pb_column_1_3 et_block_column et_pb_column_empty et_pb_css_mix_blend_mode_passthrough\"><\/div><div class=\"et_pb_column_4 et_pb_column et_pb_column_1_3 et-last-child et_block_column et_pb_css_mix_blend_mode_passthrough\"><div class=\"et_pb_text_0 et_pb_text et_pb_bg_layout_light et_pb_module et_block_module\"><div class=\"et_pb_text_inner\"><p>Ha t\u00f6bbet szeretne megtudni a felk\u00edn\u00e1lt \u00e1ll\u00e1sokr\u00f3l, k\u00e9rj\u00fck, l\u00e9pjen kapcsolatba vel\u00fcnk:<\/p>\n<h4><\/h4>\n<h4>Daniela Vitzthum<\/h4>\n<p><em>HR menedzser<\/em><\/p>\n<p><a class=\"mlink\" href=\"mailto:jobs@huberslandhendl.at\" target=\"_blank\" rel=\"noopener\">jobs@huberslandhendl.at<\/a><br \/>\n  <a class=\"mlink\" href=\"tel:+4377423208197\" target=\"_blank\" rel=\"noopener\">+43 7742 3208 121<\/a><\/p>\n<\/div><\/div><\/div><\/div><div class=\"et_pb_row_3 et_pb_row et_pb_row_3-4_1-4 et_block_row et_block_row_3-4_1-4\"><div class=\"et_pb_column_5 et_pb_column et_pb_column_3_4 et_block_column et_pb_css_mix_blend_mode_passthrough\"><div class=\"dipi_dual_heading_0 dipi_dual_heading et_pb_bg_layout_light et_pb_module\"><div class=\"dipi-dual-heading \">\n                <h1 class=\"dipi-dh-main\">\n                    <span class=\"dipi-dh-first-heading\">\n                        <span class=\"dipi-dh-animation-container\">\n                            <span class=\"dipi-dh-bg-container\">\n                                <div>El\u0151ny\u00f6k<\/div>\n                            <\/span>\n                        <\/span>\n                    <\/span>\n                    <span class=\"dipi-dh-second-heading\">\n                        <span class=\"dipi-dh-animation-container\">\n                            <span class=\"dipi-dh-bg-container\">\n                                <div>Second<\/div>\n                            <\/span>\n                        <\/span>\n                    <\/span>\n                <\/h1>\n            <\/div><\/div><div class=\"et_pb_text_1 et_pb_text et_pb_bg_layout_light et_pb_module et_block_module\"><div class=\"et_pb_text_inner\"><h3>El\u0151ny\u00f6k, amelyek illenek hozz\u00e1d.<\/h3>\n<p>Isten hozott a #hubersfamily csal\u00e1dban! N\u00e1lunk hossz\u00fa t\u00e1v\u00fa munk\u00e1t tal\u00e1lsz egy bar\u00e1ts\u00e1gos csapatban. Mi mindig olyan motiv\u00e1lt \u00e9s elk\u00f6telezett koll\u00e9g\u00e1kat keres\u00fcnk, akik vel\u00fcnk egy\u00fctt, minden nap sz\u00edvesen j\u00e1rnak be dolgozni.<\/p>\n<p>Ennek \u00e9rdek\u00e9ben egyedi, csak a Hubers Landhendln\u00e9l megtal\u00e1lhat\u00f3 juttat\u00e1sokat k\u00edn\u00e1lunk Neked. Szeretn\u00e9nk t\u00e1mogatni \u00e9s a fejl\u0151d\u00e9sedet seg\u00edteni az\u00e9rt, hogy min\u00e9l hosszabb ideig itt \u00fcdv\u00f6z\u00f6lhess\u00fck a #hubersfamily-ben.<\/p>\n<\/div><\/div><\/div><div class=\"et_pb_column_6 et_pb_column et_pb_column_1_4 et-last-child et_block_column et_pb_column_empty et_pb_css_mix_blend_mode_passthrough\"><\/div><\/div><div class=\"et_pb_row_4 et_pb_row et_pb_gutters2 et_block_row\"><div class=\"et_pb_column_7 et_pb_column et_pb_column_1_3 et_block_column et_pb_css_mix_blend_mode_passthrough\"><div class=\"et_pb_text_2 et_pb_text et_pb_bg_layout_light et_pb_module et_block_module\"><div class=\"et_pb_text_inner\"><h3><span style=\"color: #000000;\"><strong>V\u00c1LLALAT, AMELYET CSAL\u00c1D IR\u00c1NY\u00cdT<\/strong><\/span><\/h3>\n<p>A kezdet kicsi \u00e9s szer\u00e9ny volt: A csal\u00e1di v\u00e1llalkoz\u00e1st Maria Huber a f\u00e9rj\u00e9vel egy\u00fctt alap\u00edtotta. Ma a v\u00e1llalat a sv\u00e1jci Bell Food Group r\u00e9szek\u00e9nt m\u0171k\u00f6dik, de a napi \u00fczletmenetet k\u00e9t gyermek\u00fck, Hannes \u00e9s Sylvia ir\u00e1ny\u00edtja okosan \u00e9s vezeti sz\u00edvvel-l\u00e9lekkel.<\/p>\n<\/div><\/div><div class=\"et_pb_image_1 et_pb_image et_pb_module et_block_module\"><span class=\"et_pb_image_wrap\"><img loading=\"lazy\" decoding=\"async\" src=\"https:\/\/www.huberslandhendl.at\/wp-content\/uploads\/2023\/11\/HUBERS-Benefits-Familie-002.jpg\" width=\"600\" height=\"400\" srcset=\"https:\/\/www.huberslandhendl.at\/wp-content\/uploads\/2023\/11\/HUBERS-Benefits-Familie-002.jpg 600w, https:\/\/www.huberslandhendl.at\/wp-content\/uploads\/2023\/11\/HUBERS-Benefits-Familie-002-480x320.jpg 480w\" sizes=\"(min-width: 0px) and (max-width: 480px) 480px, (min-width: 481px) 600px, 100vw\" class=\"wp-image-22989452\" title=\"HUBERS-Benefits-Familie-002\" \/><\/span><\/div><\/div><div class=\"et_pb_column_8 et_pb_column et_pb_column_1_3 et_block_column et_pb_css_mix_blend_mode_passthrough\"><div class=\"et_pb_text_3 et_pb_text et_pb_bg_layout_light et_pb_module et_block_module\"><div class=\"et_pb_text_inner\"><h3><span style=\"color: #000000;\"><strong>LAPOS SZERVEZETI STRUKT\u00daRA<\/strong><\/span><\/h3>\n<p>T\u0151sgy\u00f6keres, az otthon\u00e1hoz ragaszkod\u00f3 \u2013 ezek a tulajdons\u00e1gok nemcsak az Innviertel vid\u00e9k\u00e9n \u00e9l\u0151ket, hanem a Huber's Landhendl c\u00e9get is jellemzik. Itt nem tal\u00e1lsz hossz\u00fa folyos\u00f3kat vagy megk\u00f6zel\u00edthetetlen f\u0151n\u00f6ki emeleteket, hanem a \"Te\" sz\u00f3t k\u00edn\u00e1lj\u00e1k neked, \u00e9s a f\u0151n\u00f6k\u00f6d gyorsan beilleszt T\u00e9ged a csapatba.<\/p>\n<\/div><\/div><div class=\"et_pb_image_2 et_pb_image et_pb_module et_block_module\"><span class=\"et_pb_image_wrap\"><img loading=\"lazy\" decoding=\"async\" src=\"https:\/\/www.huberslandhendl.at\/wp-content\/uploads\/2023\/11\/HUBERS-Benefits-Familie-003.jpg\" width=\"600\" height=\"400\" srcset=\"https:\/\/www.huberslandhendl.at\/wp-content\/uploads\/2023\/11\/HUBERS-Benefits-Familie-003.jpg 600w, https:\/\/www.huberslandhendl.at\/wp-content\/uploads\/2023\/11\/HUBERS-Benefits-Familie-003-480x320.jpg 480w\" sizes=\"(min-width: 0px) and (max-width: 480px) 480px, (min-width: 481px) 600px, 100vw\" class=\"wp-image-22989745\" title=\"HUBERS-Benefits-Familie-003\" \/><\/span><\/div><\/div><div class=\"et_pb_column_9 et_pb_column et_pb_column_1_3 et-last-child et_block_column et_pb_css_mix_blend_mode_passthrough\"><div class=\"et_pb_text_4 et_pb_text et_pb_bg_layout_light et_pb_module et_block_module\"><div class=\"et_pb_text_inner\"><h3><span style=\"color: #000000;\"><strong>KARRIERLEHET\u0150S\u00c9GEK<\/strong><\/span><\/h3>\n<p>Nem csoda - a mintegy ezer f\u0151t foglalkoztat\u00f3 c\u00e9gn\u00e9l a karrierl\u00e9tra minden fok\u00e1t el tudod \u00e9rni. A Hubers Landhendln\u00e9l gyakran el\u0151fordul, hogy egy egykori irodai \u00fcgyint\u00e9z\u0151 szakmunk\u00e1stanul\u00f3 most a beszerz\u00e9st ir\u00e1ny\u00edtja, vagy az, hogy egy kor\u00e1bban a gy\u00e1rt\u00e1sban tev\u00e9kenyked\u0151 munkat\u00e1rs most m\u00e1r m\u0171szakvezet\u0151. A Bell Food Group nemzetk\u00f6zi munkahely v\u00e1laszt\u00e9k\u00e1ban sz\u00e1mos karrierugr\u00e1si lehet\u0151s\u00e9g ny\u00edlik meg.<\/p>\n<\/div><\/div><div class=\"et_pb_image_3 et_pb_image et_pb_module et_block_module\"><span class=\"et_pb_image_wrap\"><img loading=\"lazy\" decoding=\"async\" src=\"https:\/\/www.huberslandhendl.at\/wp-content\/uploads\/2023\/12\/HUBERS-Benefits-Karrieremoeglichkeiten-001.jpg\" width=\"600\" height=\"400\" srcset=\"https:\/\/www.huberslandhendl.at\/wp-content\/uploads\/2023\/12\/HUBERS-Benefits-Karrieremoeglichkeiten-001.jpg 600w, https:\/\/www.huberslandhendl.at\/wp-content\/uploads\/2023\/12\/HUBERS-Benefits-Karrieremoeglichkeiten-001-480x320.jpg 480w\" sizes=\"(min-width: 0px) and (max-width: 480px) 480px, (min-width: 481px) 600px, 100vw\" class=\"wp-image-22989777\" title=\"HUBERS-Benefits-Karrieremoeglichkeiten-001\" \/><\/span><\/div><\/div><\/div><div class=\"et_pb_row_5 et_pb_row et_pb_gutters2 et_block_row\"><div class=\"et_pb_column_10 et_pb_column et_pb_column_1_3 et_block_column et_pb_css_mix_blend_mode_passthrough\"><div class=\"et_pb_text_5 et_pb_text et_pb_bg_layout_light et_pb_module et_block_module\"><div class=\"et_pb_text_inner\"><h3><span style=\"color: #000000;\"><strong>NAGYON BIZTOS MUNKAHELY<\/strong><\/span><\/h3>\n<p>A Hubers Landhendl szil\u00e1rdan gy\u00f6kerezik Pfaffst\u00e4ttben \u00e9s a jelenlegi telephely\u00e9n. Biztos lehetsz abban, hogy a Te poz\u00edci\u00f3d biztons\u00e1gban van a le\u00e9p\u00edt\u00e9ssel vagy az \u00e1thelyez\u00e9ssel szemben akkor, ha mi mindannyian, egy\u00fctt, teljes er\u0151bedob\u00e1ssal dolgozunk a v\u00e1llalat j\u00f6v\u0151j\u00e9n.<\/p>\n<\/div><\/div><div class=\"et_pb_image_4 et_pb_image et_pb_module et_block_module\"><span class=\"et_pb_image_wrap\"><img loading=\"lazy\" decoding=\"async\" src=\"https:\/\/www.huberslandhendl.at\/wp-content\/uploads\/2023\/11\/HUBERS-Benefits-Firmengebaeude-003.jpg\" width=\"600\" height=\"400\" srcset=\"https:\/\/www.huberslandhendl.at\/wp-content\/uploads\/2023\/11\/HUBERS-Benefits-Firmengebaeude-003.jpg 600w, https:\/\/www.huberslandhendl.at\/wp-content\/uploads\/2023\/11\/HUBERS-Benefits-Firmengebaeude-003-480x320.jpg 480w\" sizes=\"(min-width: 0px) and (max-width: 480px) 480px, (min-width: 481px) 600px, 100vw\" class=\"wp-image-22989456\" title=\"HUBERS-Benefits-Firmengebaeude-003\" \/><\/span><\/div><\/div><div class=\"et_pb_column_11 et_pb_column et_pb_column_1_3 et_block_column et_pb_css_mix_blend_mode_passthrough\"><div class=\"et_pb_text_6 et_pb_text et_pb_bg_layout_light et_pb_module et_block_module\"><div class=\"et_pb_text_inner\"><h3><strong><span style=\"color: #000000;\">K\u00dcL\u00d6NB\u00d6Z\u0150 MUNKAID\u0150 MODELLEK<\/span><\/strong><\/h3>\n<p>Teljes munkaid\u0151? R\u00e9szmunkaid\u0151? Rugalmas munkaid\u0151? Home office? M\u0171szakos munka? Mi ugyanolyan rugalmasak vagyunk, mint Te magad. Sz\u00edvesen megbesz\u00e9lj\u00fck Veled egy\u00fctt, hogy milyen munkaid\u0151ben szeretn\u00e9l dolgozni, \u00e9s mi egyeztethet\u0151 \u00f6ssze a mi keretfelt\u00e9teleinkkel.<\/p>\n<\/div><\/div><div class=\"et_pb_image_5 et_pb_image et_pb_module et_block_module\"><span class=\"et_pb_image_wrap\"><img loading=\"lazy\" decoding=\"async\" src=\"https:\/\/www.huberslandhendl.at\/wp-content\/uploads\/2023\/12\/HUBERS-Benefits-Arbeitszeitmodelle-001.jpg\" width=\"600\" height=\"400\" srcset=\"https:\/\/www.huberslandhendl.at\/wp-content\/uploads\/2023\/12\/HUBERS-Benefits-Arbeitszeitmodelle-001.jpg 600w, https:\/\/www.huberslandhendl.at\/wp-content\/uploads\/2023\/12\/HUBERS-Benefits-Arbeitszeitmodelle-001-480x320.jpg 480w\" sizes=\"(min-width: 0px) and (max-width: 480px) 480px, (min-width: 481px) 600px, 100vw\" class=\"wp-image-22989781\" title=\"HUBERS-Benefits-Arbeitszeitmodelle-001\" \/><\/span><\/div><\/div><div class=\"et_pb_column_12 et_pb_column et_pb_column_1_3 et-last-child et_block_column et_pb_css_mix_blend_mode_passthrough\"><div class=\"et_pb_text_7 et_pb_text et_pb_bg_layout_light et_pb_module et_block_module\"><div class=\"et_pb_text_inner\"><h3><span style=\"color: #000000;\"><strong>KEDVEZM\u00c9NYEK A HUBERS GENUSS\u00acWELT \u00dcZLETBEN<\/strong><\/span><\/h3>\n<p>A <a href=\"https:\/\/www.huberslandhendl.at\/hu\/az-oeroem-vilaga\/\" target=\"_blank\" rel=\"noopener\">Hubers Genusswelt<\/a> \u00fczlet\u00fcnkben k\u00e9nyelmesen int\u00e9zheted el a napi bev\u00e1s\u00e1rl\u00e1saidat. Itt kedvez\u0151 \u00e1ron, minden nap friss region\u00e1lis \u00e9lelmiszereket, bio term\u00e9keket, gy\u00fcm\u00f6lcs\u00f6t \u00e9s z\u00f6lds\u00e9get tal\u00e1lsz.<\/p>\n<\/div><\/div><div class=\"et_pb_image_6 et_pb_image et_pb_module et_block_module\"><span class=\"et_pb_image_wrap\"><img loading=\"lazy\" decoding=\"async\" src=\"https:\/\/www.huberslandhendl.at\/wp-content\/uploads\/2023\/11\/HUBERS-Benefits-Genusswelt-003.jpg\" width=\"600\" height=\"400\" srcset=\"https:\/\/www.huberslandhendl.at\/wp-content\/uploads\/2023\/11\/HUBERS-Benefits-Genusswelt-003.jpg 600w, https:\/\/www.huberslandhendl.at\/wp-content\/uploads\/2023\/11\/HUBERS-Benefits-Genusswelt-003-480x320.jpg 480w\" sizes=\"(min-width: 0px) and (max-width: 480px) 480px, (min-width: 481px) 600px, 100vw\" class=\"wp-image-22989437\" title=\"HUBERS-Benefits-Genusswelt-003\" \/><\/span><\/div><\/div><\/div><div class=\"et_pb_row_6 et_pb_row et_pb_gutters2 et_block_row\"><div class=\"et_pb_column_13 et_pb_column et_pb_column_1_3 et_block_column et_pb_css_mix_blend_mode_passthrough\"><div class=\"et_pb_text_8 et_pb_text et_pb_bg_layout_light et_pb_module et_block_module\"><div class=\"et_pb_text_inner\"><h3><span style=\"color: #000000;\"><strong>\u00dcZEMI B\u00dcF\u00c9 NAPONTA FRISSEN F\u0150Z\u00d6TT \u00c9TELEKKEL<\/strong><\/span><\/h3>\n<p>Kreat\u00edv konyhai csapatunk mindig sokf\u00e9le \u00e9tellel rukkol ki, \u00edgy gondoskodik az eb\u00e9d v\u00e1ltozatoss\u00e1g\u00e1r\u00f3l. <\/p>\n<\/div><\/div><div class=\"et_pb_image_7 et_pb_image et_pb_module et_block_module\"><span class=\"et_pb_image_wrap\"><img loading=\"lazy\" decoding=\"async\" src=\"https:\/\/www.huberslandhendl.at\/wp-content\/uploads\/2023\/12\/HUBERS-Benefits-Betriebskantine-001.jpg\" width=\"600\" height=\"400\" srcset=\"https:\/\/www.huberslandhendl.at\/wp-content\/uploads\/2023\/12\/HUBERS-Benefits-Betriebskantine-001.jpg 600w, https:\/\/www.huberslandhendl.at\/wp-content\/uploads\/2023\/12\/HUBERS-Benefits-Betriebskantine-001-480x320.jpg 480w\" sizes=\"(min-width: 0px) and (max-width: 480px) 480px, (min-width: 481px) 600px, 100vw\" class=\"wp-image-22989778\" title=\"HUBERS-Benefits-Betriebskantine-001\" \/><\/span><\/div><\/div><div class=\"et_pb_column_14 et_pb_column et_pb_column_1_3 et_block_column et_pb_css_mix_blend_mode_passthrough\"><div class=\"et_pb_text_9 et_pb_text et_pb_bg_layout_light et_pb_module et_block_module\"><div class=\"et_pb_text_inner\"><h3><span style=\"color: #000000;\"><strong>\u00daJSZER\u0170 J\u00c1RM\u0170PARK (MAN, DAF)<\/strong><\/span><\/h3>\n<p>Teherg\u00e9pkocsi-vezet\u0151inknek egy eg\u00e9szen k\u00fcl\u00f6nleges munkahelyet k\u00edn\u00e1lunk: cs\u00facsmin\u0151s\u00e9g\u0171 multim\u00e9di\u00e1val, a leg\u00fajabb gener\u00e1ci\u00f3s asszisztensekkel \u00e9s ergonomikus, minden r\u00e9sz\u00e9ben \u00e1ll\u00edthat\u00f3 vezet\u0151\u00fcl\u00e9ssel rendelkez\u0151 pil\u00f3taf\u00fclk\u00e9t. . Flott\u00e1nkat jelenleg fokozatosan \u00e1ll\u00edtjuk \u00e1t az Euro 6 szabv\u00e1nyra a k\u00f6rnyezetbar\u00e1t j\u00e1rm\u0171park-menedzsment megval\u00f3s\u00edt\u00e1sa \u00e9rdek\u00e9ben.<\/p>\n<\/div><\/div><div class=\"et_pb_image_8 et_pb_image et_pb_module et_block_module\"><span class=\"et_pb_image_wrap\"><img loading=\"lazy\" decoding=\"async\" src=\"https:\/\/www.huberslandhendl.at\/wp-content\/uploads\/2023\/12\/HUBERS-Benefits-Fuhrpark-002.jpg\" width=\"600\" height=\"400\" srcset=\"https:\/\/www.huberslandhendl.at\/wp-content\/uploads\/2023\/12\/HUBERS-Benefits-Fuhrpark-002.jpg 600w, https:\/\/www.huberslandhendl.at\/wp-content\/uploads\/2023\/12\/HUBERS-Benefits-Fuhrpark-002-480x320.jpg 480w\" sizes=\"(min-width: 0px) and (max-width: 480px) 480px, (min-width: 481px) 600px, 100vw\" class=\"wp-image-22989779\" title=\"HUBERS-Benefits-Fuhrpark-002\" \/><\/span><\/div><\/div><div class=\"et_pb_column_15 et_pb_column et_pb_column_1_3 et-last-child et_block_column et_pb_css_mix_blend_mode_passthrough\"><div class=\"et_pb_text_10 et_pb_text et_pb_bg_layout_light et_pb_module et_block_module\"><div class=\"et_pb_text_inner\"><h3><span style=\"color: #000000;\"><strong>NAGYON KORSZER\u0170 GY\u00c1RT\u00d3 \u00dcZEM<\/strong><\/span><\/h3>\n<p>G\u00e9peink \u00e9s rendszereink megfelelnek a leg\u00fajabb gy\u00e1rt\u00e1si szabv\u00e1nyoknak, r\u00e9szben vagy teljesen automatiz\u00e1ltak, \u00e9s megk\u00f6vetelik az Te technikai \u00e9s \u00fczemeltet\u00e9si szaktud\u00e1sodat. T\u00f6k\u00e9letes \u00e9lm\u00e9nyt ny\u00fajtanak a technika megsz\u00e1llottjainak \u00e9s azoknak, akik lelkesednek ezek\u00e9rt a technol\u00f3gi\u00e1k\u00e9rt.<\/p>\n<\/div><\/div><div class=\"et_pb_image_9 et_pb_image et_pb_module et_block_module\"><span class=\"et_pb_image_wrap\"><img loading=\"lazy\" decoding=\"async\" src=\"https:\/\/www.huberslandhendl.at\/wp-content\/uploads\/2023\/11\/HUBERS-Benefits-moderne-Produktionstaette-001.jpg\" width=\"600\" height=\"400\" srcset=\"https:\/\/www.huberslandhendl.at\/wp-content\/uploads\/2023\/11\/HUBERS-Benefits-moderne-Produktionstaette-001.jpg 600w, https:\/\/www.huberslandhendl.at\/wp-content\/uploads\/2023\/11\/HUBERS-Benefits-moderne-Produktionstaette-001-480x320.jpg 480w\" sizes=\"(min-width: 0px) and (max-width: 480px) 480px, (min-width: 481px) 600px, 100vw\" class=\"wp-image-22989748\" title=\"HUBERS-Benefits-moderne-Produktionstaette-001\" \/><\/span><\/div><\/div><\/div><div class=\"et_pb_row_7 et_pb_row et_pb_gutters2 et_block_row\"><div class=\"et_pb_column_16 et_pb_column et_pb_column_1_3 et_block_column et_pb_css_mix_blend_mode_passthrough\"><div class=\"et_pb_text_11 et_pb_text et_pb_bg_layout_light et_pb_module et_block_module\"><div class=\"et_pb_text_inner\"><h3><span style=\"color: #000000;\"><strong>ESEM\u00c9NYEK \u00c9S KIR\u00c1NDUL\u00c1SOK<\/strong><\/span><\/h3>\n<p>A munka mellett a sz\u00f3rakoz\u00e1s sem szenved h\u00e1tr\u00e1nyt. Szeretj\u00fck meg\u00fcnnepelni a k\u00f6z\u00f6ss\u00e9g\u00fcnket, \u00e9s csapatkir\u00e1ndul\u00e1sokat szervez\u00fcnk, csapatk\u00e9nt sportesem\u00e9nyeken vesz\u00fcnk r\u00e9szt, vagy egyszer\u0171en csak meg\u00fcnnepelj\u00fck a j\u00f3 hangulatunkat. Sz\u00edvesen ak\u00e1r Veled egy\u00fctt is!<\/p>\n<\/div><\/div><div class=\"et_pb_image_10 et_pb_image et_pb_module et_block_module\"><span class=\"et_pb_image_wrap\"><img loading=\"lazy\" decoding=\"async\" src=\"https:\/\/www.huberslandhendl.at\/wp-content\/uploads\/2023\/11\/HUBERS-Benefits-Segway-002.jpg\" width=\"600\" height=\"400\" srcset=\"https:\/\/www.huberslandhendl.at\/wp-content\/uploads\/2023\/11\/HUBERS-Benefits-Segway-002.jpg 600w, https:\/\/www.huberslandhendl.at\/wp-content\/uploads\/2023\/11\/HUBERS-Benefits-Segway-002-480x320.jpg 480w\" sizes=\"(min-width: 0px) and (max-width: 480px) 480px, (min-width: 481px) 600px, 100vw\" class=\"wp-image-22989436\" title=\"HUBERS-Benefits-Segway-002\" \/><\/span><\/div><\/div><div class=\"et_pb_column_17 et_pb_column et_pb_column_1_3 et_block_column et_pb_css_mix_blend_mode_passthrough\"><div class=\"et_pb_text_12 et_pb_text et_pb_bg_layout_light et_pb_module et_block_module\"><div class=\"et_pb_text_inner\"><h3><span style=\"color: #000000;\"><strong>E-BIKE L\u00cdZING<\/strong><\/span><\/h3>\n<p>\u00daj e-bike-ra, versenyker\u00e9kp\u00e1rra, mountain bike-ra v\u00e1gysz...? Seg\u00edt\u00fcnk Neked! Jelentkezz a b\u00e9rsz\u00e1mfejt\u0151 irod\u00e1ban, mert ha a munk\u00e1ltat\u00f3don kereszt\u00fcl l\u00edzingelsz ker\u00e9kp\u00e1rt, akkor ad\u00f3t sp\u00f3rolhatsz! Term\u00e9szetesen a ker\u00e9kp\u00e1rt mag\u00e1n teker\u00e9sekhez is haszn\u00e1lhatod. Tov\u00e1bbi inform\u00e1ci\u00f3 a <a href=\"https:\/\/firmenradl.at\/cms\" target=\"_blank\" rel=\"noopener\">firmenradl.at<\/a> oldalon. J\u00f3 \u00e9s biztons\u00e1gos ker\u00e9kp\u00e1roz\u00e1st k\u00edv\u00e1nunk!<\/p>\n<\/div><\/div><div class=\"et_pb_image_11 et_pb_image et_pb_module et_block_module\"><span class=\"et_pb_image_wrap\"><img loading=\"lazy\" decoding=\"async\" src=\"https:\/\/www.huberslandhendl.at\/wp-content\/uploads\/2023\/11\/HUBERS-Benefits-E-Bike-001.jpg\" width=\"600\" height=\"400\" srcset=\"https:\/\/www.huberslandhendl.at\/wp-content\/uploads\/2023\/11\/HUBERS-Benefits-E-Bike-001.jpg 600w, https:\/\/www.huberslandhendl.at\/wp-content\/uploads\/2023\/11\/HUBERS-Benefits-E-Bike-001-480x320.jpg 480w\" sizes=\"(min-width: 0px) and (max-width: 480px) 480px, (min-width: 481px) 600px, 100vw\" class=\"wp-image-22989435\" title=\"HUBERS-Benefits-E-Bike-001\" \/><\/span><\/div><\/div><div class=\"et_pb_column_18 et_pb_column et_pb_column_1_3 et-last-child et_block_column et_pb_css_mix_blend_mode_passthrough\"><div class=\"et_pb_text_13 et_pb_text et_pb_bg_layout_light et_pb_module et_block_module\"><div class=\"et_pb_text_inner\"><h3><span style=\"color: #000000;\"><strong>A K\u00dcLF\u00d6LDI MUNKAV\u00c1LLAL\u00d3K T\u00c1MOGAT\u00c1SA<\/strong><\/span><\/h3>\n<p>Hell\u00f3 Ausztria! ! T\u00e1mogatjuk a m\u00e1s orsz\u00e1gokb\u00f3l \u00e9s m\u00e1s kult\u00fark\u00f6rnyezetb\u0151l \u00e9rkez\u0151 \u00faj munkat\u00e1rsainkat. A haz\u00e1db\u00f3l sz\u00e1rmaz\u00f3 szem\u00e9lyes kapcsolattart\u00f3k seg\u00edtenek az ausztriai regisztr\u00e1ci\u00f3ban \u00e9s a sz\u00e1mlanyit\u00e1sban.<\/p>\n<\/div><\/div><div class=\"et_pb_image_12 et_pb_image et_pb_module et_block_module\"><span class=\"et_pb_image_wrap\"><img loading=\"lazy\" decoding=\"async\" src=\"https:\/\/www.huberslandhendl.at\/wp-content\/uploads\/2023\/11\/HUBERS-Benefits-Unterstuetzung-auslaendischer-001.jpg\" width=\"600\" height=\"400\" srcset=\"https:\/\/www.huberslandhendl.at\/wp-content\/uploads\/2023\/11\/HUBERS-Benefits-Unterstuetzung-auslaendischer-001.jpg 600w, https:\/\/www.huberslandhendl.at\/wp-content\/uploads\/2023\/11\/HUBERS-Benefits-Unterstuetzung-auslaendischer-001-480x320.jpg 480w\" sizes=\"(min-width: 0px) and (max-width: 480px) 480px, (min-width: 481px) 600px, 100vw\" class=\"wp-image-22989749\" title=\"HUBERS-Benefits-Unterstuetzung-auslaendischer-001\" \/><\/span><\/div><\/div><\/div><div class=\"et_pb_row_8 et_pb_row et_pb_gutters2 et_block_row\"><div class=\"et_pb_column_19 et_pb_column et_pb_column_1_3 et_block_column et_pb_css_mix_blend_mode_passthrough\"><div class=\"et_pb_text_14 et_pb_text et_pb_bg_layout_light et_pb_module et_block_module\"><div class=\"et_pb_text_inner\"><h3><span style=\"color: #000000;\"><strong>A C\u00c9G SAJ\u00c1T LAK\u00c1SAI<\/strong><\/span><\/h3>\n<p>Nagy b\u00e1tors\u00e1g kell ahhoz, hogy valaki elhagyja haz\u00e1j\u00e1t, \u00e9s k\u00fclf\u00f6ld\u00f6n pr\u00f3b\u00e1ljon szakmai szerencs\u00e9t. Addig, am\u00edg saj\u00e1t lak\u00e1st nem tal\u00e1lsz, mi sz\u00edvesen t\u00e1mogatunk T\u00e9ged egy nagyon kedvez\u0151 b\u00e9r\u0171, teljesen b\u00fatorozott szolg\u00e1lati lak\u00e1ssal.<\/p>\n<\/div><\/div><div class=\"et_pb_image_13 et_pb_image et_pb_module et_block_module\"><span class=\"et_pb_image_wrap\"><img loading=\"lazy\" decoding=\"async\" src=\"https:\/\/www.huberslandhendl.at\/wp-content\/uploads\/2023\/12\/HUBERS-Benefits-Firmeneigene-Wohnungen-001.jpg\" width=\"600\" height=\"400\" srcset=\"https:\/\/www.huberslandhendl.at\/wp-content\/uploads\/2023\/12\/HUBERS-Benefits-Firmeneigene-Wohnungen-001.jpg 600w, https:\/\/www.huberslandhendl.at\/wp-content\/uploads\/2023\/12\/HUBERS-Benefits-Firmeneigene-Wohnungen-001-480x320.jpg 480w\" sizes=\"(min-width: 0px) and (max-width: 480px) 480px, (min-width: 481px) 600px, 100vw\" class=\"wp-image-22989783\" title=\"HUBERS-Benefits-Firmeneigene-Wohnungen-001\" \/><\/span><\/div><\/div><div class=\"et_pb_column_20 et_pb_column et_pb_column_1_3 et_block_column et_pb_css_mix_blend_mode_passthrough\"><div class=\"et_pb_text_15 et_pb_text et_pb_bg_layout_light et_pb_module et_block_module\"><div class=\"et_pb_text_inner\"><h3><span style=\"color: #000000;\"><strong>ING\u00c1Z\u00c1S A MUNK\u00c1BA \u00c9S VISSZA<\/strong><\/span><\/h3>\n<p>Nincs saj\u00e1t k\u00f6zleked\u00e9si eszk\u00f6z\u00f6d? Term\u00e9szetesen a mobilit\u00e1sban is t\u00e1mogatunk T\u00e9ged. C\u00e9ges buszunk elhoz T\u00e9ged a lak\u00e1sodt\u00f3l Pfaffst\u00e4ttbe \u00e9s a m\u0171szak v\u00e9g\u00e9n hazavisz. Ezenk\u00edv\u00fcl a dolgoz\u00f3kat orvoshoz \u00e9s bev\u00e1s\u00e1rolni is elvissz\u00fck.<\/p>\n<\/div><\/div><div class=\"et_pb_image_14 et_pb_image et_pb_module et_block_module\"><span class=\"et_pb_image_wrap\"><img loading=\"lazy\" decoding=\"async\" src=\"https:\/\/www.huberslandhendl.at\/wp-content\/uploads\/2023\/11\/HUBERS-Benefits-Shuttle-001.jpg\" width=\"600\" height=\"400\" srcset=\"https:\/\/www.huberslandhendl.at\/wp-content\/uploads\/2023\/11\/HUBERS-Benefits-Shuttle-001.jpg 600w, https:\/\/www.huberslandhendl.at\/wp-content\/uploads\/2023\/11\/HUBERS-Benefits-Shuttle-001-480x320.jpg 480w\" sizes=\"(min-width: 0px) and (max-width: 480px) 480px, (min-width: 481px) 600px, 100vw\" class=\"wp-image-22989747\" title=\"HUBERS-Benefits-Shuttle-001\" \/><\/span><\/div><\/div><div class=\"et_pb_column_21 et_pb_column et_pb_column_1_3 et-last-child et_block_column et_pb_column_empty et_pb_css_mix_blend_mode_passthrough\"><\/div><\/div><\/div><div class=\"et_pb_section_2 et_pb_section et_section_regular et_block_section\"><div class=\"et_pb_row_9 et_pb_row et_pb_equal_columns et_block_row\"><div class=\"et_pb_column_22 et_pb_column et_pb_column_4_4 et-last-child et_block_column et_pb_css_mix_blend_mode_passthrough\"><div class=\"dipi_image_accordion_0 dipi_image_accordion et_pb_bg_layout_light et_pb_module\"><div class=\"dipi_image_accordion_wrapper\" data-accordion-type=\"on_hover\">\n                <div class=\"dipi_image_accordion_child_0 dipi_image_accordion_child et_pb_bg_layout_light et_pb_module\"><div class=\"dipi-ia-image-bg\" style=\"position: relative;\">\n                <div class=\"dipi-bg-img-wrapper\" style=\"position: absolute; top: 0; left: 0; width: 100%; height: 100%; z-index: 0; overflow: hidden;\">\n\t\t\t\t<img loading=\"lazy\" decoding=\"async\" src=\"https:\/\/www.huberslandhendl.at\/wp-content\/uploads\/2024\/02\/Button-Intro-offene-Stellen-ung.jpg\" width=\"900\" height=\"300\" srcset=\"https:\/\/www.huberslandhendl.at\/wp-content\/uploads\/2024\/02\/Button-Intro-offene-Stellen-ung.jpg 900w, https:\/\/www.huberslandhendl.at\/wp-content\/uploads\/2024\/02\/Button-Intro-offene-Stellen-ung-480x160.jpg 480w\" sizes=\"(min-width: 0px) and (max-width: 480px) 480px, (min-width: 481px) 900px, 100vw\" class=\"wp-image-22991923\" \/>\n\t\t\t<\/div>\n                <div class=\"dipi_image_accordion_bg dipi_hide_on_hover\"><\/div>\n                <div class=\"dipi_image_accordion_bg_hover\"><\/div>\n                <div class=\"dipi_image_accordion_child_content_wrapper dipi-align-horizontal-left dipi-align-vertical-center\">\n                    <div class=\"dipi-accordion-content\" data-active-on-load=\"\" data-active-on-load-tablet=\"\" data-active-on-load-phone=\"\">\n                        \n                        <h3 class=\"dipi-accordion-title\"><div>Bet\u00f6lthet\u0151 \u00e1ll\u00e1sok<\/div><\/h3>\n                        <div class=\"dipi-accordion-description\"><div><p>Aktu\u00e1lis gyakornoki \u00e1ll\u00e1saj\u00e1nlatainkat a Bell Food Group karrierport\u00e1lj\u00e1n tal\u00e1lja.<\/p><\/div><\/div>\n                        <div class=\"dipi-accordion-button-wrap\"><a class=\"et_pb_button dipi_accordion_button\" target=\"_blank\" href=\"https:\/\/career.bellfoodgroup.com\/en\/vacancies?job_filter_group%5B%5D=2378&#038;location%5B%5D=5223+Pfaffst%C3%A4tt&#038;dateSort=desc\" rel=\"noreferrer\">Tanul\u00f3szerz\u0151d\u00e9ses gyakorlati helyek<\/a><\/div>\n                    <\/div>\n                <\/div>\n            <\/div><\/div><div class=\"dipi_image_accordion_child_1 dipi_image_accordion_child et_pb_bg_layout_light et_pb_module\"><div class=\"dipi-ia-image-bg\" style=\"position: relative;\">\n                <div class=\"dipi-bg-img-wrapper\" style=\"position: absolute; top: 0; left: 0; width: 100%; height: 100%; z-index: 0; overflow: hidden;\">\n\t\t\t\t<img loading=\"lazy\" decoding=\"async\" src=\"https:\/\/www.huberslandhendl.at\/wp-content\/uploads\/2024\/08\/button-intro-spontanbewerbung-hu.jpg\" width=\"900\" height=\"300\" srcset=\"https:\/\/www.huberslandhendl.at\/wp-content\/uploads\/2024\/08\/button-intro-spontanbewerbung-hu.jpg 900w, https:\/\/www.huberslandhendl.at\/wp-content\/uploads\/2024\/08\/button-intro-spontanbewerbung-hu-480x160.jpg 480w\" sizes=\"(min-width: 0px) and (max-width: 480px) 480px, (min-width: 481px) 900px, 100vw\" class=\"wp-image-22994572\" \/>\n\t\t\t<\/div>\n                <div class=\"dipi_image_accordion_bg dipi_hide_on_hover\"><\/div>\n                <div class=\"dipi_image_accordion_bg_hover\"><\/div>\n                <div class=\"dipi_image_accordion_child_content_wrapper dipi-align-horizontal-left dipi-align-vertical-center\">\n                    <div class=\"dipi-accordion-content\" data-active-on-load=\"\" data-active-on-load-tablet=\"\" data-active-on-load-phone=\"\">\n                        \n                        <h3 class=\"dipi-accordion-title\"><div>Spont\u00e1n alkalmaz\u00e1s<\/div><\/h3>\n                        <div class=\"dipi-accordion-description\"><div><p>Kattintson ide, ha a Bell Food Group karrierport\u00e1lj\u00e1n kereszt\u00fcl k\u00e9retlen jelentkez\u00e9st szeretne k\u00fcldeni.<\/p><\/div><\/div>\n                        <div class=\"dipi-accordion-button-wrap\"><a class=\"et_pb_button dipi_accordion_button\" target=\"_blank\" href=\"https:\/\/career.bellfoodgroup.com\/en\/unsolicited-application\" rel=\"noreferrer\">Jelentkezzen most<\/a><\/div>\n                    <\/div>\n                <\/div>\n            <\/div><\/div><div class=\"dipi_image_accordion_child_2 dipi_image_accordion_child et_pb_bg_layout_light et_pb_module\"><div class=\"dipi-ia-image-bg\" style=\"position: relative;\">\n                <div class=\"dipi-bg-img-wrapper\" style=\"position: absolute; top: 0; left: 0; width: 100%; height: 100%; z-index: 0; overflow: hidden;\">\n\t\t\t\t<img loading=\"lazy\" decoding=\"async\" src=\"https:\/\/www.huberslandhendl.at\/wp-content\/uploads\/2024\/02\/Button-Intro-Lehrlinge-ung.jpg\" width=\"900\" height=\"300\" srcset=\"https:\/\/www.huberslandhendl.at\/wp-content\/uploads\/2024\/02\/Button-Intro-Lehrlinge-ung.jpg 900w, https:\/\/www.huberslandhendl.at\/wp-content\/uploads\/2024\/02\/Button-Intro-Lehrlinge-ung-480x160.jpg 480w\" sizes=\"(min-width: 0px) and (max-width: 480px) 480px, (min-width: 481px) 900px, 100vw\" class=\"wp-image-22991920\" \/>\n\t\t\t<\/div>\n                <div class=\"dipi_image_accordion_bg dipi_hide_on_hover\"><\/div>\n                <div class=\"dipi_image_accordion_bg_hover\"><\/div>\n                <div class=\"dipi_image_accordion_child_content_wrapper dipi-align-horizontal-left dipi-align-vertical-center\">\n                    <div class=\"dipi-accordion-content\" data-active-on-load=\"\" data-active-on-load-tablet=\"\" data-active-on-load-phone=\"\">\n                        \n                        <h3 class=\"dipi-accordion-title\"><div>Szakmunk\u00e1stanul\u00f3k<\/div><\/h3>\n                        <div class=\"dipi-accordion-description\"><div><p>Itt tal\u00e1lod a Huber c\u00e9gn\u00e9l el\u00e9rhet\u0151 szakk\u00e9pz\u00e9sre vonatkoz\u00f3 \u00f6sszes inform\u00e1ci\u00f3t.<\/p><\/div><\/div>\n                        <div class=\"dipi-accordion-button-wrap\"><a class=\"et_pb_button dipi_accordion_button\" target=\"_blank\" href=\"https:\/\/www.huberslandhendl.at\/hu\/karrier\/szakmunkastanulok\/\" rel=\"noreferrer\">Tov\u00e1bbi t\u00e1j\u00e9koztat\u00e1s<\/a><\/div>\n                    <\/div>\n                <\/div>\n            <\/div><\/div>\n            <\/div><\/div><\/div><\/div><\/div><div class=\"et_pb_section_3 et_pb_section et_section_regular et_block_section section_has_divider et_pb_top_divider\"><div class=\"et_pb_top_inside_divider et-no-transition\"><\/div><span class=\"et_pb_background_mask\"><\/span><div class=\"et_pb_row_10 et_pb_row et_block_row\"><div class=\"et_pb_column_23 et_pb_column et_pb_column_4_4 et-last-child et_block_column et_pb_css_mix_blend_mode_passthrough\"><div class=\"et_pb_module et_d4_element dipi_image_gallery dipi_image_gallery_0\">\n\t\t\t\t\n\t\t\t\t\n\t\t\t\t\n\t\t\t\t\n\t\t\t\t\n\t\t\t\t\n\t\t\t\t<div class=\"et_pb_module_inner\">\n\t\t\t\t\t<div class=\"dipi-image-gallery dipi-ig-horizontal dipi-ig-popup\" style=\"height: 100%\">\n        <div class=\"dipi-image-gallery-thumbs\">\n            <div class=\"swiper-container dipi-image-gallery-thumbs_0 dipi-thumbs-horizontal dipi-img-thumbs-top\"  data-direction=\"horizontal\" data-columnsdesktop=\"0\" data-columnstablet=\"0\" data-columnsphone=\"0\" data-spacebetween=\"10\" data-spacebetween_tablet=\"10\" data-spacebetween_phone=\"10\" data-centered=\"off\" data-thumbs_loop=\"off\" data-ordernumber=\"0\" data-navigation=\"off\" data-is_tb_body=\"off\">\n                <div class=\"swiper-wrapper\">\n                    \n                <div class=\"dipi_image_gallery_child swiper-slide\" data-class=\"dipi_image_gallery_child_0\">\n                    <div class=\"swiper-slide-container\" role=\"figure\" aria-labelledby=\"\" style=\"background-image:url(https:\/\/www.huberslandhendl.at\/wp-content\/uploads\/2023\/11\/HUBERS-Benefits-Businesslauf-001.jpg);background-size:cover;    background-repeat: no-repeat;\"><\/div>\n                <\/div>\n                <div class=\"dipi_image_gallery_child swiper-slide\" data-class=\"dipi_image_gallery_child_1\">\n                    <div class=\"swiper-slide-container\" role=\"figure\" aria-labelledby=\"\" style=\"background-image:url(https:\/\/www.huberslandhendl.at\/wp-content\/uploads\/2023\/11\/HUBERS-Benefits-Firmengebaeude-001.jpg);background-size:cover;    background-repeat: no-repeat;\"><\/div>\n                <\/div>\n                <div class=\"dipi_image_gallery_child swiper-slide\" data-class=\"dipi_image_gallery_child_2\">\n                    <div class=\"swiper-slide-container\" role=\"figure\" aria-labelledby=\"\" style=\"background-image:url(https:\/\/www.huberslandhendl.at\/wp-content\/uploads\/2023\/11\/HUBERS-Benefits-Flossfahrt-001.jpg);background-size:cover;    background-repeat: no-repeat;\"><\/div>\n                <\/div>\n                <div class=\"dipi_image_gallery_child swiper-slide\" data-class=\"dipi_image_gallery_child_3\">\n                    <div class=\"swiper-slide-container\" role=\"figure\" aria-labelledby=\"\" style=\"background-image:url(https:\/\/www.huberslandhendl.at\/wp-content\/uploads\/2023\/11\/HUBERS-Benefits-Genusswelt-001.jpg);background-size:cover;    background-repeat: no-repeat;\"><\/div>\n                <\/div>\n                <div class=\"dipi_image_gallery_child swiper-slide\" data-class=\"dipi_image_gallery_child_4\">\n                    <div class=\"swiper-slide-container\" role=\"figure\" aria-labelledby=\"\" style=\"background-image:url(https:\/\/www.huberslandhendl.at\/wp-content\/uploads\/2023\/11\/HUBERS-Benefits-Firmengebaeude-002.jpg);background-size:cover;    background-repeat: no-repeat;\"><\/div>\n                <\/div>\n                <div class=\"dipi_image_gallery_child swiper-slide\" data-class=\"dipi_image_gallery_child_5\">\n                    <div class=\"swiper-slide-container\" role=\"figure\" aria-labelledby=\"\" style=\"background-image:url(https:\/\/www.huberslandhendl.at\/wp-content\/uploads\/2023\/11\/HUBERS-Benefits-Genusswelt-002.jpg);background-size:cover;    background-repeat: no-repeat;\"><\/div>\n                <\/div>\n                <div class=\"dipi_image_gallery_child swiper-slide\" data-class=\"dipi_image_gallery_child_6\">\n                    <div class=\"swiper-slide-container\" role=\"figure\" aria-labelledby=\"\" style=\"background-image:url(https:\/\/www.huberslandhendl.at\/wp-content\/uploads\/2023\/02\/header-hubers-landhendl-arbeitsgeber.jpg);background-size:cover;    background-repeat: no-repeat;\"><\/div>\n                <\/div>\n                <\/div>\n            <\/div>\n        <\/div> \n            <div class=\"dipi-image-gallery-top\">\n                <div class=\" swiper-container dipi-image-gallery-top_0\"   data-direction=\"horizontal\" data-navigation=\"on\" data-ordernumber=\"0\" data-animation=\"slide\" data-autoplay=\"on\" data-main_redraw_after_slide_changed=\"off\" data-pause_on_hover=\"on\" data-autoplay_delay=\"5000\" data-enable_popup=\"on\" data-popup_animation=\"fade\" data-popup_animation_duration=\"500\">\n                            <div class=\"swiper-wrapper\">\n                                <div class=\"et_pb_module et_d4_element dipi_image_gallery_child dipi_image_gallery_child_0 swiper-slide\">\n\t\t\t\t\n\t\t\t\t\n\t\t\t\t\n\t\t\t\t\n\t\t\t\t\n\t\t\t\t\n\t\t\t\t<div class=\"et_pb_module_inner\">\n\t\t\t\t\t<div href=\"https:\/\/www.huberslandhendl.at\/wp-content\/uploads\/2023\/11\/HUBERS-Benefits-Businesslauf-001.jpg\" class=\"swiper-slide-container \" role=\"figure\"  style=\"background-image:url(https:\/\/www.huberslandhendl.at\/wp-content\/uploads\/2023\/11\/HUBERS-Benefits-Businesslauf-001.jpg);background-size:cover;background-repeat: no-repeat;\">\n                \n                \n            <\/div>\n\t\t\t\t<\/div>\n\t\t\t<\/div><div class=\"et_pb_module et_d4_element dipi_image_gallery_child dipi_image_gallery_child_1 swiper-slide\">\n\t\t\t\t\n\t\t\t\t\n\t\t\t\t\n\t\t\t\t\n\t\t\t\t\n\t\t\t\t\n\t\t\t\t<div class=\"et_pb_module_inner\">\n\t\t\t\t\t<div href=\"https:\/\/www.huberslandhendl.at\/wp-content\/uploads\/2023\/11\/HUBERS-Benefits-Firmengebaeude-001.jpg\" class=\"swiper-slide-container \" role=\"figure\"  style=\"background-image:url(https:\/\/www.huberslandhendl.at\/wp-content\/uploads\/2023\/11\/HUBERS-Benefits-Firmengebaeude-001.jpg);background-size:cover;background-repeat: no-repeat;\">\n                \n                \n            <\/div>\n\t\t\t\t<\/div>\n\t\t\t<\/div><div class=\"et_pb_module et_d4_element dipi_image_gallery_child dipi_image_gallery_child_2 swiper-slide\">\n\t\t\t\t\n\t\t\t\t\n\t\t\t\t\n\t\t\t\t\n\t\t\t\t\n\t\t\t\t\n\t\t\t\t<div class=\"et_pb_module_inner\">\n\t\t\t\t\t<div href=\"https:\/\/www.huberslandhendl.at\/wp-content\/uploads\/2023\/11\/HUBERS-Benefits-Flossfahrt-001.jpg\" class=\"swiper-slide-container \" role=\"figure\"  style=\"background-image:url(https:\/\/www.huberslandhendl.at\/wp-content\/uploads\/2023\/11\/HUBERS-Benefits-Flossfahrt-001.jpg);background-size:cover;background-repeat: no-repeat;\">\n                \n                \n            <\/div>\n\t\t\t\t<\/div>\n\t\t\t<\/div><div class=\"et_pb_module et_d4_element dipi_image_gallery_child dipi_image_gallery_child_3 swiper-slide\">\n\t\t\t\t\n\t\t\t\t\n\t\t\t\t\n\t\t\t\t\n\t\t\t\t\n\t\t\t\t\n\t\t\t\t<div class=\"et_pb_module_inner\">\n\t\t\t\t\t<div href=\"https:\/\/www.huberslandhendl.at\/wp-content\/uploads\/2023\/11\/HUBERS-Benefits-Genusswelt-001.jpg\" class=\"swiper-slide-container \" role=\"figure\"  style=\"background-image:url(https:\/\/www.huberslandhendl.at\/wp-content\/uploads\/2023\/11\/HUBERS-Benefits-Genusswelt-001.jpg);background-size:cover;background-repeat: no-repeat;\">\n                \n                \n            <\/div>\n\t\t\t\t<\/div>\n\t\t\t<\/div><div class=\"et_pb_module et_d4_element dipi_image_gallery_child dipi_image_gallery_child_4 swiper-slide\">\n\t\t\t\t\n\t\t\t\t\n\t\t\t\t\n\t\t\t\t\n\t\t\t\t\n\t\t\t\t\n\t\t\t\t<div class=\"et_pb_module_inner\">\n\t\t\t\t\t<div href=\"https:\/\/www.huberslandhendl.at\/wp-content\/uploads\/2023\/11\/HUBERS-Benefits-Firmengebaeude-002.jpg\" class=\"swiper-slide-container \" role=\"figure\"  style=\"background-image:url(https:\/\/www.huberslandhendl.at\/wp-content\/uploads\/2023\/11\/HUBERS-Benefits-Firmengebaeude-002.jpg);background-size:cover;background-repeat: no-repeat;\">\n                \n                \n            <\/div>\n\t\t\t\t<\/div>\n\t\t\t<\/div><div class=\"et_pb_module et_d4_element dipi_image_gallery_child dipi_image_gallery_child_5 swiper-slide\">\n\t\t\t\t\n\t\t\t\t\n\t\t\t\t\n\t\t\t\t\n\t\t\t\t\n\t\t\t\t\n\t\t\t\t<div class=\"et_pb_module_inner\">\n\t\t\t\t\t<div href=\"https:\/\/www.huberslandhendl.at\/wp-content\/uploads\/2023\/11\/HUBERS-Benefits-Genusswelt-002.jpg\" class=\"swiper-slide-container \" role=\"figure\"  style=\"background-image:url(https:\/\/www.huberslandhendl.at\/wp-content\/uploads\/2023\/11\/HUBERS-Benefits-Genusswelt-002.jpg);background-size:cover;background-repeat: no-repeat;\">\n                \n                \n            <\/div>\n\t\t\t\t<\/div>\n\t\t\t<\/div><div class=\"et_pb_module et_d4_element dipi_image_gallery_child dipi_image_gallery_child_6 swiper-slide\">\n\t\t\t\t\n\t\t\t\t\n\t\t\t\t\n\t\t\t\t\n\t\t\t\t\n\t\t\t\t\n\t\t\t\t<div class=\"et_pb_module_inner\">\n\t\t\t\t\t<div href=\"https:\/\/www.huberslandhendl.at\/wp-content\/uploads\/2023\/02\/header-hubers-landhendl-arbeitsgeber.jpg\" class=\"swiper-slide-container \" role=\"figure\"  style=\"background-image:url(https:\/\/www.huberslandhendl.at\/wp-content\/uploads\/2023\/02\/header-hubers-landhendl-arbeitsgeber.jpg);background-size:cover;background-repeat: no-repeat;\">\n                \n                \n            <\/div>\n\t\t\t\t<\/div>\n\t\t\t<\/div>\n                            <\/div>  \n                        <\/div>\n                        <div class=\"swiper-button-next swiper-arrow-button dipi-sbn0 dipi-ig-top-nav \" data-icon=\"&#x35;\"><\/div> \n                 <div class=\"swiper-button-prev swiper-arrow-button dipi-sbp0 dipi-ig-top-nav \" data-icon=\"&#x34;\"><\/div>\n                <\/div><\/div>\n\t\t\t\t<\/div>\n\t\t\t<\/div><\/div><\/div><\/div>\n","protected":false},"excerpt":{"rendered":"","protected":false},"author":1,"featured_media":0,"parent":22993265,"menu_order":0,"comment_status":"closed","ping_status":"closed","template":"","meta":{"_acf_changed":false,"wprm-recipe-roundup-name":"","wprm-recipe-roundup-description":"","_et_pb_use_builder":"on","_et_pb_old_content":"","_et_gb_content_width":"","footnotes":""},"dipi_cpt_category":[],"difl_page_category":[],"class_list":["post-22993306","page","type-page","status-publish","hentry"],"acf":[],"yoast_head":"<!-- This site is optimized with the Yoast SEO plugin v27.5 - https:\/\/yoast.com\/product\/yoast-seo-wordpress\/ -->\n<title>El\u0151nyeinket - Hubers Landhendl<\/title>\n<meta name=\"robots\" content=\"noindex, nofollow\" \/>\n<meta property=\"og:locale\" content=\"hu_HU\" \/>\n<meta property=\"og:type\" content=\"article\" \/>\n<meta property=\"og:title\" content=\"El\u0151nyeinket - Hubers Landhendl\" \/>\n<meta property=\"og:url\" content=\"https:\/\/www.huberslandhendl.at\/hu\/karrier\/elonyeinket\/\" \/>\n<meta property=\"og:site_name\" content=\"Hubers Landhendl\" \/>\n<meta property=\"article:publisher\" content=\"https:\/\/www.facebook.com\/huberslandhendl\" \/>\n<meta property=\"article:modified_time\" content=\"2026-03-10T12:53:47+00:00\" \/>\n<meta name=\"twitter:card\" content=\"summary_large_image\" \/>\n<meta name=\"twitter:label1\" content=\"Becs\u00fclt olvas\u00e1si id\u0151\" \/>\n\t<meta name=\"twitter:data1\" content=\"3 perc\" \/>\n<script type=\"application\/ld+json\" class=\"yoast-schema-graph\">{\"@context\":\"https:\\\/\\\/schema.org\",\"@graph\":[{\"@type\":\"WebPage\",\"@id\":\"https:\\\/\\\/www.huberslandhendl.at\\\/hu\\\/karrier\\\/elonyeinket\\\/\",\"url\":\"https:\\\/\\\/www.huberslandhendl.at\\\/hu\\\/karrier\\\/elonyeinket\\\/\",\"name\":\"El\u0151nyeinket - Hubers Landhendl\",\"isPartOf\":{\"@id\":\"https:\\\/\\\/www.huberslandhendl.at\\\/hu\\\/#website\"},\"datePublished\":\"2023-11-03T10:22:28+00:00\",\"dateModified\":\"2026-03-10T12:53:47+00:00\",\"breadcrumb\":{\"@id\":\"https:\\\/\\\/www.huberslandhendl.at\\\/hu\\\/karrier\\\/elonyeinket\\\/#breadcrumb\"},\"inLanguage\":\"hu\",\"potentialAction\":[{\"@type\":\"ReadAction\",\"target\":[\"https:\\\/\\\/www.huberslandhendl.at\\\/hu\\\/karrier\\\/elonyeinket\\\/\"]}]},{\"@type\":\"BreadcrumbList\",\"@id\":\"https:\\\/\\\/www.huberslandhendl.at\\\/hu\\\/karrier\\\/elonyeinket\\\/#breadcrumb\",\"itemListElement\":[{\"@type\":\"ListItem\",\"position\":1,\"name\":\"Startseite\",\"item\":\"https:\\\/\\\/www.huberslandhendl.at\\\/hu\\\/\"},{\"@type\":\"ListItem\",\"position\":2,\"name\":\"Karrier\",\"item\":\"https:\\\/\\\/www.huberslandhendl.at\\\/hu\\\/karriere\\\/\"},{\"@type\":\"ListItem\",\"position\":3,\"name\":\"El\u0151nyeinket\"}]},{\"@type\":\"WebSite\",\"@id\":\"https:\\\/\\\/www.huberslandhendl.at\\\/hu\\\/#website\",\"url\":\"https:\\\/\\\/www.huberslandhendl.at\\\/hu\\\/\",\"name\":\"Hubers Landhendl\",\"description\":\"\",\"publisher\":{\"@id\":\"https:\\\/\\\/www.huberslandhendl.at\\\/hu\\\/#organization\"},\"potentialAction\":[{\"@type\":\"SearchAction\",\"target\":{\"@type\":\"EntryPoint\",\"urlTemplate\":\"https:\\\/\\\/www.huberslandhendl.at\\\/hu\\\/?s={search_term_string}\"},\"query-input\":{\"@type\":\"PropertyValueSpecification\",\"valueRequired\":true,\"valueName\":\"search_term_string\"}}],\"inLanguage\":\"hu\"},{\"@type\":\"Organization\",\"@id\":\"https:\\\/\\\/www.huberslandhendl.at\\\/hu\\\/#organization\",\"name\":\"Hubers Landhendl\",\"url\":\"https:\\\/\\\/www.huberslandhendl.at\\\/hu\\\/\",\"logo\":{\"@type\":\"ImageObject\",\"inLanguage\":\"hu\",\"@id\":\"https:\\\/\\\/www.huberslandhendl.at\\\/hu\\\/#\\\/schema\\\/logo\\\/image\\\/\",\"url\":\"https:\\\/\\\/www.huberslandhendl.at\\\/wp-content\\\/uploads\\\/2023\\\/01\\\/logo-hubers-r.png\",\"contentUrl\":\"https:\\\/\\\/www.huberslandhendl.at\\\/wp-content\\\/uploads\\\/2023\\\/01\\\/logo-hubers-r.png\",\"width\":793,\"height\":339,\"caption\":\"Hubers Landhendl\"},\"image\":{\"@id\":\"https:\\\/\\\/www.huberslandhendl.at\\\/hu\\\/#\\\/schema\\\/logo\\\/image\\\/\"},\"sameAs\":[\"https:\\\/\\\/www.facebook.com\\\/huberslandhendl\"]}]}<\/script>\n<!-- \/ Yoast SEO plugin. -->","yoast_head_json":{"title":"El\u0151nyeinket - Hubers Landhendl","robots":{"index":"noindex","follow":"nofollow"},"og_locale":"hu_HU","og_type":"article","og_title":"El\u0151nyeinket - Hubers Landhendl","og_url":"https:\/\/www.huberslandhendl.at\/hu\/karrier\/elonyeinket\/","og_site_name":"Hubers Landhendl","article_publisher":"https:\/\/www.facebook.com\/huberslandhendl","article_modified_time":"2026-03-10T12:53:47+00:00","twitter_card":"summary_large_image","twitter_misc":{"Becs\u00fclt olvas\u00e1si id\u0151":"3 perc"},"schema":{"@context":"https:\/\/schema.org","@graph":[{"@type":"WebPage","@id":"https:\/\/www.huberslandhendl.at\/hu\/karrier\/elonyeinket\/","url":"https:\/\/www.huberslandhendl.at\/hu\/karrier\/elonyeinket\/","name":"El\u0151nyeinket - Hubers Landhendl","isPartOf":{"@id":"https:\/\/www.huberslandhendl.at\/hu\/#website"},"datePublished":"2023-11-03T10:22:28+00:00","dateModified":"2026-03-10T12:53:47+00:00","breadcrumb":{"@id":"https:\/\/www.huberslandhendl.at\/hu\/karrier\/elonyeinket\/#breadcrumb"},"inLanguage":"hu","potentialAction":[{"@type":"ReadAction","target":["https:\/\/www.huberslandhendl.at\/hu\/karrier\/elonyeinket\/"]}]},{"@type":"BreadcrumbList","@id":"https:\/\/www.huberslandhendl.at\/hu\/karrier\/elonyeinket\/#breadcrumb","itemListElement":[{"@type":"ListItem","position":1,"name":"Startseite","item":"https:\/\/www.huberslandhendl.at\/hu\/"},{"@type":"ListItem","position":2,"name":"Karrier","item":"https:\/\/www.huberslandhendl.at\/hu\/karriere\/"},{"@type":"ListItem","position":3,"name":"El\u0151nyeinket"}]},{"@type":"WebSite","@id":"https:\/\/www.huberslandhendl.at\/hu\/#website","url":"https:\/\/www.huberslandhendl.at\/hu\/","name":"Hubers Landhendl","description":"","publisher":{"@id":"https:\/\/www.huberslandhendl.at\/hu\/#organization"},"potentialAction":[{"@type":"SearchAction","target":{"@type":"EntryPoint","urlTemplate":"https:\/\/www.huberslandhendl.at\/hu\/?s={search_term_string}"},"query-input":{"@type":"PropertyValueSpecification","valueRequired":true,"valueName":"search_term_string"}}],"inLanguage":"hu"},{"@type":"Organization","@id":"https:\/\/www.huberslandhendl.at\/hu\/#organization","name":"Hubers Landhendl","url":"https:\/\/www.huberslandhendl.at\/hu\/","logo":{"@type":"ImageObject","inLanguage":"hu","@id":"https:\/\/www.huberslandhendl.at\/hu\/#\/schema\/logo\/image\/","url":"https:\/\/www.huberslandhendl.at\/wp-content\/uploads\/2023\/01\/logo-hubers-r.png","contentUrl":"https:\/\/www.huberslandhendl.at\/wp-content\/uploads\/2023\/01\/logo-hubers-r.png","width":793,"height":339,"caption":"Hubers Landhendl"},"image":{"@id":"https:\/\/www.huberslandhendl.at\/hu\/#\/schema\/logo\/image\/"},"sameAs":["https:\/\/www.facebook.com\/huberslandhendl"]}]}},"post_mailing_queue_ids":[],"_links":{"self":[{"href":"https:\/\/www.huberslandhendl.at\/hu\/wp-json\/wp\/v2\/pages\/22993306","targetHints":{"allow":["GET"]}}],"collection":[{"href":"https:\/\/www.huberslandhendl.at\/hu\/wp-json\/wp\/v2\/pages"}],"about":[{"href":"https:\/\/www.huberslandhendl.at\/hu\/wp-json\/wp\/v2\/types\/page"}],"author":[{"embeddable":true,"href":"https:\/\/www.huberslandhendl.at\/hu\/wp-json\/wp\/v2\/users\/1"}],"replies":[{"embeddable":true,"href":"https:\/\/www.huberslandhendl.at\/hu\/wp-json\/wp\/v2\/comments?post=22993306"}],"version-history":[{"count":10,"href":"https:\/\/www.huberslandhendl.at\/hu\/wp-json\/wp\/v2\/pages\/22993306\/revisions"}],"predecessor-version":[{"id":22996609,"href":"https:\/\/www.huberslandhendl.at\/hu\/wp-json\/wp\/v2\/pages\/22993306\/revisions\/22996609"}],"up":[{"embeddable":true,"href":"https:\/\/www.huberslandhendl.at\/hu\/wp-json\/wp\/v2\/pages\/22993265"}],"wp:attachment":[{"href":"https:\/\/www.huberslandhendl.at\/hu\/wp-json\/wp\/v2\/media?parent=22993306"}],"wp:term":[{"taxonomy":"dipi_cpt_category","embeddable":true,"href":"https:\/\/www.huberslandhendl.at\/hu\/wp-json\/wp\/v2\/dipi_cpt_category?post=22993306"},{"taxonomy":"difl_page_category","embeddable":true,"href":"https:\/\/www.huberslandhendl.at\/hu\/wp-json\/wp\/v2\/difl_page_category?post=22993306"}],"curies":[{"name":"wp","href":"https:\/\/api.w.org\/{rel}","templated":true}]}}